{"id":126,"date":"2023-03-28T16:06:16","date_gmt":"2023-03-28T14:06:16","guid":{"rendered":"https:\/\/www.dolcehotelversailles.com\/le-domaine-du-montcel\/histoire\/"},"modified":"2025-12-12T17:29:29","modified_gmt":"2025-12-12T16:29:29","slug":"history-of-the-yvelines-chateau-hotel","status":"publish","type":"page","link":"https:\/\/www.dolcehotelversailles.com\/en\/domaine-du-montcel-hotel-de-luxe-versailles\/histoire-chateau-hotel-yvelines\/","title":{"rendered":"Our History"},"content":{"rendered":"<div data-elementor-type=\"wp-page\" data-elementor-id=\"126\" class=\"elementor elementor-126\" data-elementor-post-type=\"page\">\n\t\t\t\t\t\t<section class=\"elementor-section elementor-top-section elementor-element elementor-element-b2c58c0 elementor-section-full_width elementor-section-height-min-height elementor-section-items-stretch elementor-section-height-default\" data-id=\"b2c58c0\" data-element_type=\"section\" data-e-type=\"section\" data-settings=\"{&quot;background_background&quot;:&quot;classic&quot;}\">\n\t\t\t\t\t\t<div class=\"elementor-container elementor-column-gap-default\">\n\t\t\t\t\t<div class=\"elementor-column elementor-col-100 elementor-top-column elementor-element elementor-element-17a2afe\" data-id=\"17a2afe\" data-element_type=\"column\" data-e-type=\"column\" data-settings=\"{&quot;background_background&quot;:&quot;classic&quot;}\">\n\t\t\t<div class=\"elementor-widget-wrap elementor-element-populated\">\n\t\t\t\t\t<div class=\"elementor-background-overlay\"><\/div>\n\t\t\t\t\t\t<div class=\"elementor-element elementor-element-61e4d4f elementor-widget elementor-widget-spacer\" data-id=\"61e4d4f\" data-element_type=\"widget\" data-e-type=\"widget\" data-widget_type=\"spacer.default\">\n\t\t\t\t<div class=\"elementor-widget-container\">\n\t\t\t\t\t\t\t<div class=\"elementor-spacer\">\n\t\t\t<div class=\"elementor-spacer-inner\"><\/div>\n\t\t<\/div>\n\t\t\t\t\t\t<\/div>\n\t\t\t\t<\/div>\n\t\t\t\t<div class=\"elementor-element elementor-element-3f623e4 elementor-widget elementor-widget-heading\" data-id=\"3f623e4\" data-element_type=\"widget\" data-e-type=\"widget\" data-widget_type=\"heading.default\">\n\t\t\t\t<div class=\"elementor-widget-container\">\n\t\t\t\t\t<div class=\"elementor-heading-title elementor-size-default\">Our History<\/div>\t\t\t\t<\/div>\n\t\t\t\t<\/div>\n\t\t\t\t<div class=\"elementor-element elementor-element-629127c elementor-align-center btn-border elementor-widget elementor-widget-button\" data-id=\"629127c\" data-element_type=\"widget\" data-e-type=\"widget\" data-widget_type=\"button.default\">\n\t\t\t\t<div class=\"elementor-widget-container\">\n\t\t\t\t\t\t\t\t\t<div class=\"elementor-button-wrapper\">\n\t\t\t\t\t<a class=\"elementor-button elementor-button-link elementor-size-sm\" href=\"#tocontent\">\n\t\t\t\t\t\t<span class=\"elementor-button-content-wrapper\">\n\t\t\t\t\t\t\t\t\t<span class=\"elementor-button-text\">Discover<\/span>\n\t\t\t\t\t<\/span>\n\t\t\t\t\t<\/a>\n\t\t\t\t<\/div>\n\t\t\t\t\t\t\t\t<\/div>\n\t\t\t\t<\/div>\n\t\t\t\t\t<\/div>\n\t\t<\/div>\n\t\t\t\t\t<\/div>\n\t\t<\/section>\n\t\t\t\t<section class=\"elementor-section elementor-top-section elementor-element elementor-element-f67e482 elementor-hidden-tablet elementor-hidden-mobile elementor-section-boxed elementor-section-height-default elementor-section-height-default\" data-id=\"f67e482\" data-element_type=\"section\" data-e-type=\"section\" data-settings=\"{&quot;background_background&quot;:&quot;classic&quot;}\">\n\t\t\t\t\t\t<div class=\"elementor-container elementor-column-gap-no\">\n\t\t\t\t\t<div class=\"elementor-column elementor-col-50 elementor-top-column elementor-element elementor-element-c0e1c45\" data-id=\"c0e1c45\" data-element_type=\"column\" data-e-type=\"column\" data-settings=\"{&quot;background_background&quot;:&quot;classic&quot;}\">\n\t\t\t<div class=\"elementor-widget-wrap elementor-element-populated\">\n\t\t\t\t\t\t<div class=\"elementor-element elementor-element-2fd7e35 elementor-widget elementor-widget-image\" data-id=\"2fd7e35\" data-element_type=\"widget\" data-e-type=\"widget\" data-widget_type=\"image.default\">\n\t\t\t\t<div class=\"elementor-widget-container\">\n\t\t\t\t\t\t\t\t\t\t\t\t\t\t\t<img fetchpriority=\"high\" decoding=\"async\" width=\"800\" height=\"534\" src=\"https:\/\/www.dolcehotelversailles.com\/wp-content\/uploads\/2023\/03\/iStock-1414825629-1024x683.jpg\" class=\"attachment-large size-large wp-image-107\" alt=\"all\u00e9e d&#039;arbre - luxury hotel versailles\" srcset=\"https:\/\/www.dolcehotelversailles.com\/wp-content\/uploads\/2023\/03\/iStock-1414825629-1024x683.jpg 1024w, https:\/\/www.dolcehotelversailles.com\/wp-content\/uploads\/2023\/03\/iStock-1414825629-300x200.jpg 300w, https:\/\/www.dolcehotelversailles.com\/wp-content\/uploads\/2023\/03\/iStock-1414825629-768x512.jpg 768w, https:\/\/www.dolcehotelversailles.com\/wp-content\/uploads\/2023\/03\/iStock-1414825629-1536x1024.jpg 1536w, https:\/\/www.dolcehotelversailles.com\/wp-content\/uploads\/2023\/03\/iStock-1414825629-2048x1365.jpg 2048w\" sizes=\"(max-width: 800px) 100vw, 800px\" title=\"\">\t\t\t\t\t\t\t\t\t\t\t\t\t\t\t<\/div>\n\t\t\t\t<\/div>\n\t\t\t\t\t<\/div>\n\t\t<\/div>\n\t\t\t\t<div class=\"elementor-column elementor-col-50 elementor-top-column elementor-element elementor-element-f1420fe\" data-id=\"f1420fe\" data-element_type=\"column\" data-e-type=\"column\" data-settings=\"{&quot;background_background&quot;:&quot;classic&quot;}\">\n\t\t\t<div class=\"elementor-widget-wrap elementor-element-populated\">\n\t\t\t\t\t\t<div class=\"elementor-element elementor-element-123c022 elementor-widget elementor-widget-heading\" data-id=\"123c022\" data-element_type=\"widget\" data-e-type=\"widget\" data-widget_type=\"heading.default\">\n\t\t\t\t<div class=\"elementor-widget-container\">\n\t\t\t\t\t<h2 class=\"elementor-heading-title elementor-size-default\">A PLACE STEEPED IN HISTORY<\/h2>\t\t\t\t<\/div>\n\t\t\t\t<\/div>\n\t\t\t\t<div class=\"elementor-element elementor-element-ff05343 elementor-widget elementor-widget-text-editor\" data-id=\"ff05343\" data-element_type=\"widget\" data-e-type=\"widget\" data-widget_type=\"text-editor.default\">\n\t\t\t\t<div class=\"elementor-widget-container\">\n\t\t\t\t\t\t\t\t\t<p data-start=\"109\" data-end=\"429\">Before becoming the <span data-start=\"129\" data-end=\"146\">the hotel<\/span> as it is today, the <span data-start=\"173\" data-end=\"195\">Domaine du Montcel<\/span> and its <span data-start=\"203\" data-end=\"233\">14 hectares of wooded parkland<\/span> have stood the test of time.<\/p><p data-start=\"109\" data-end=\"429\">A private residence, a secondary school, the headquarters of the German Air Force, then a mecca for contemporary art: the estate has seen many lives and transformations.<\/p><p data-start=\"109\" data-end=\"429\">Today, the Domaine du Montcel draws its inspiration from this prestigious heritage. <span data-start=\"607\" data-end=\"631\">a taste for excellence<\/span> and its <span data-start=\"639\" data-end=\"670\">French art of living<\/span>.<\/p>\t\t\t\t\t\t\t\t<\/div>\n\t\t\t\t<\/div>\n\t\t\t\t\t<\/div>\n\t\t<\/div>\n\t\t\t\t\t<\/div>\n\t\t<\/section>\n\t\t\t\t<section class=\"elementor-section elementor-top-section elementor-element elementor-element-f922cf0 elementor-hidden-tablet elementor-hidden-mobile elementor-section-boxed elementor-section-height-default elementor-section-height-default\" data-id=\"f922cf0\" data-element_type=\"section\" data-e-type=\"section\" data-settings=\"{&quot;background_background&quot;:&quot;classic&quot;}\">\n\t\t\t\t\t\t<div class=\"elementor-container elementor-column-gap-no\">\n\t\t\t\t\t<div class=\"elementor-column elementor-col-50 elementor-top-column elementor-element elementor-element-9c1afb5\" data-id=\"9c1afb5\" data-element_type=\"column\" data-e-type=\"column\" data-settings=\"{&quot;background_background&quot;:&quot;classic&quot;}\">\n\t\t\t<div class=\"elementor-widget-wrap elementor-element-populated\">\n\t\t\t\t\t\t<div class=\"elementor-element elementor-element-edc10d1 elementor-widget elementor-widget-heading\" data-id=\"edc10d1\" data-element_type=\"widget\" data-e-type=\"widget\" data-widget_type=\"heading.default\">\n\t\t\t\t<div class=\"elementor-widget-container\">\n\t\t\t\t\t<h2 class=\"elementor-heading-title elementor-size-default\">EIGHTEENTH CENTURY : BIRTH OF THE DOMAINE DU MONTCEL<\/h2>\t\t\t\t<\/div>\n\t\t\t\t<\/div>\n\t\t\t\t<div class=\"elementor-element elementor-element-ab7419b elementor-widget elementor-widget-text-editor\" data-id=\"ab7419b\" data-element_type=\"widget\" data-e-type=\"widget\" data-widget_type=\"text-editor.default\">\n\t\t\t\t<div class=\"elementor-widget-container\">\n\t\t\t\t\t\t\t\t\t<p data-start=\"109\" data-end=\"429\">1760 Christophe-Philippe Oberkampf founded the Manufacture Royale des Toiles de Jouy in Jouy en Josas. Here, he developed printing techniques for canvases featuring mythological, pastoral, and gallant scenes and animals from La Fontaine's Fables. This location was not chosen by chance, as it has the advantage of being on the banks of the Bi\u00e8vre, whose water quality is renowned, and in a rural valley where land is available close to Versailles and Paris.<br \/>In 1795, he bought the Domaine du Montcel a few hundred meters away.<br \/>Although the estate had several owners before the Oberkampf family, this illustrious family and their Mallet descendants left an indelible mark on the history of the estate for almost 130 years, from 1795 to 1923.<\/p>\t\t\t\t\t\t\t\t<\/div>\n\t\t\t\t<\/div>\n\t\t\t\t\t<\/div>\n\t\t<\/div>\n\t\t\t\t<div class=\"elementor-column elementor-col-50 elementor-top-column elementor-element elementor-element-46205f5\" data-id=\"46205f5\" data-element_type=\"column\" data-e-type=\"column\" data-settings=\"{&quot;background_background&quot;:&quot;classic&quot;}\">\n\t\t\t<div class=\"elementor-widget-wrap elementor-element-populated\">\n\t\t\t\t\t\t<div class=\"elementor-element elementor-element-868aea1 elementor-widget elementor-widget-image\" data-id=\"868aea1\" data-element_type=\"widget\" data-e-type=\"widget\" data-widget_type=\"image.default\">\n\t\t\t\t<div class=\"elementor-widget-container\">\n\t\t\t\t\t\t\t\t\t\t\t\t\t\t\t<img decoding=\"async\" width=\"525\" height=\"367\" src=\"https:\/\/www.dolcehotelversailles.com\/wp-content\/uploads\/2023\/06\/2_XVIIIeme-siecle_Vue-de-la-Manufacture-de-Jouy-en-Josas-avec-le-Chateau-du-Montcel-en-arriere-plan-1819-lithographie-sur-papier.jpg\" class=\"attachment-large size-large wp-image-4355\" alt=\"View of the Chateau du Montcel in the background - chateau hotel Yvelines\" srcset=\"https:\/\/www.dolcehotelversailles.com\/wp-content\/uploads\/2023\/06\/2_XVIIIeme-siecle_Vue-de-la-Manufacture-de-Jouy-en-Josas-avec-le-Chateau-du-Montcel-en-arriere-plan-1819-lithographie-sur-papier.jpg 525w, https:\/\/www.dolcehotelversailles.com\/wp-content\/uploads\/2023\/06\/2_XVIIIeme-siecle_Vue-de-la-Manufacture-de-Jouy-en-Josas-avec-le-Chateau-du-Montcel-en-arriere-plan-1819-lithographie-sur-papier-300x210.jpg 300w, https:\/\/www.dolcehotelversailles.com\/wp-content\/uploads\/2023\/06\/2_XVIIIeme-siecle_Vue-de-la-Manufacture-de-Jouy-en-Josas-avec-le-Chateau-du-Montcel-en-arriere-plan-1819-lithographie-sur-papier-18x12.jpg 18w\" sizes=\"(max-width: 525px) 100vw, 525px\" title=\"\">\t\t\t\t\t\t\t\t\t\t\t\t\t\t\t<\/div>\n\t\t\t\t<\/div>\n\t\t\t\t\t<\/div>\n\t\t<\/div>\n\t\t\t\t\t<\/div>\n\t\t<\/section>\n\t\t\t\t<section class=\"elementor-section elementor-top-section elementor-element elementor-element-e494d3e elementor-hidden-tablet elementor-hidden-mobile elementor-section-boxed elementor-section-height-default elementor-section-height-default\" data-id=\"e494d3e\" data-element_type=\"section\" data-e-type=\"section\" data-settings=\"{&quot;background_background&quot;:&quot;classic&quot;}\">\n\t\t\t\t\t\t<div class=\"elementor-container elementor-column-gap-no\">\n\t\t\t\t\t<div class=\"elementor-column elementor-col-50 elementor-top-column elementor-element elementor-element-8687c09\" data-id=\"8687c09\" data-element_type=\"column\" data-e-type=\"column\" data-settings=\"{&quot;background_background&quot;:&quot;classic&quot;}\">\n\t\t\t<div class=\"elementor-widget-wrap elementor-element-populated\">\n\t\t\t\t\t\t<div class=\"elementor-element elementor-element-8c7dd78 elementor-widget elementor-widget-image\" data-id=\"8c7dd78\" data-element_type=\"widget\" data-e-type=\"widget\" data-widget_type=\"image.default\">\n\t\t\t\t<div class=\"elementor-widget-container\">\n\t\t\t\t\t\t\t\t\t\t\t\t\t\t\t<img decoding=\"async\" width=\"336\" height=\"480\" src=\"https:\/\/www.dolcehotelversailles.com\/wp-content\/uploads\/2023\/06\/3_De-1795-a-1816_-Christophe-Philippe-Oberkampf.jpg\" class=\"attachment-large size-large wp-image-4354\" alt=\"\" srcset=\"https:\/\/www.dolcehotelversailles.com\/wp-content\/uploads\/2023\/06\/3_De-1795-a-1816_-Christophe-Philippe-Oberkampf.jpg 336w, https:\/\/www.dolcehotelversailles.com\/wp-content\/uploads\/2023\/06\/3_De-1795-a-1816_-Christophe-Philippe-Oberkampf-210x300.jpg 210w, https:\/\/www.dolcehotelversailles.com\/wp-content\/uploads\/2023\/06\/3_De-1795-a-1816_-Christophe-Philippe-Oberkampf-8x12.jpg 8w\" sizes=\"(max-width: 336px) 100vw, 336px\" title=\"\">\t\t\t\t\t\t\t\t\t\t\t\t\t\t\t<\/div>\n\t\t\t\t<\/div>\n\t\t\t\t\t<\/div>\n\t\t<\/div>\n\t\t\t\t<div class=\"elementor-column elementor-col-50 elementor-top-column elementor-element elementor-element-eea0c02\" data-id=\"eea0c02\" data-element_type=\"column\" data-e-type=\"column\" data-settings=\"{&quot;background_background&quot;:&quot;classic&quot;}\">\n\t\t\t<div class=\"elementor-widget-wrap elementor-element-populated\">\n\t\t\t\t\t\t<div class=\"elementor-element elementor-element-0a2d280 elementor-widget elementor-widget-heading\" data-id=\"0a2d280\" data-element_type=\"widget\" data-e-type=\"widget\" data-widget_type=\"heading.default\">\n\t\t\t\t<div class=\"elementor-widget-container\">\n\t\t\t\t\t<h2 class=\"elementor-heading-title elementor-size-default\">FROM 1795 TO 1816: LE MONTCEL UNDER THE OBERKAMPF FAMILY<\/h2>\t\t\t\t<\/div>\n\t\t\t\t<\/div>\n\t\t\t\t<div class=\"elementor-element elementor-element-c25fc84 elementor-widget elementor-widget-text-editor\" data-id=\"c25fc84\" data-element_type=\"widget\" data-e-type=\"widget\" data-widget_type=\"text-editor.default\">\n\t\t\t\t<div class=\"elementor-widget-container\">\n\t\t\t\t\t\t\t\t\t<p data-start=\"109\" data-end=\"429\">Christophe-Philippe Oberkampf quickly achieved notoriety at the Court of King Louis XVI and internationally thanks to the fame of his paintings. He was even awarded the L\u00e9gion d'honneur by Napoleon in 1806.<\/p><p data-start=\"109\" data-end=\"429\">\u00a0 <br \/>In 1795, he moved his family to the Domaine du Montcel, which became first and foremost Madame Oberkampf's residence. It is to her, therefore, that we owe the major milestone in its history. Aware that a residence marks the refinement of its owner and promotes the image of his social status, it was to her that we owe the estate's development, embellishment, and construction during this period.<\/p>\t\t\t\t\t\t\t\t<\/div>\n\t\t\t\t<\/div>\n\t\t\t\t\t<\/div>\n\t\t<\/div>\n\t\t\t\t\t<\/div>\n\t\t<\/section>\n\t\t\t\t<section class=\"elementor-section elementor-top-section elementor-element elementor-element-0cbd1d9 elementor-hidden-tablet elementor-hidden-mobile elementor-section-boxed elementor-section-height-default elementor-section-height-default\" data-id=\"0cbd1d9\" data-element_type=\"section\" data-e-type=\"section\" data-settings=\"{&quot;background_background&quot;:&quot;classic&quot;}\">\n\t\t\t\t\t\t<div class=\"elementor-container elementor-column-gap-no\">\n\t\t\t\t\t<div class=\"elementor-column elementor-col-50 elementor-top-column elementor-element elementor-element-648ae04\" data-id=\"648ae04\" data-element_type=\"column\" data-e-type=\"column\" data-settings=\"{&quot;background_background&quot;:&quot;classic&quot;}\">\n\t\t\t<div class=\"elementor-widget-wrap elementor-element-populated\">\n\t\t\t\t\t\t<div class=\"elementor-element elementor-element-cd35338 elementor-widget elementor-widget-heading\" data-id=\"cd35338\" data-element_type=\"widget\" data-e-type=\"widget\" data-widget_type=\"heading.default\">\n\t\t\t\t<div class=\"elementor-widget-container\">\n\t\t\t\t\t<h2 class=\"elementor-heading-title elementor-size-default\">IMPROVEMENTS TO THE CASTLE<\/h2>\t\t\t\t<\/div>\n\t\t\t\t<\/div>\n\t\t\t\t<div class=\"elementor-element elementor-element-7a91b5a elementor-widget elementor-widget-text-editor\" data-id=\"7a91b5a\" data-element_type=\"widget\" data-e-type=\"widget\" data-widget_type=\"text-editor.default\">\n\t\t\t\t<div class=\"elementor-widget-container\">\n\t\t\t\t\t\t\t\t\t<p data-start=\"109\" data-end=\"429\">Madame Oberkampf set about transforming the ch\u00e2teau in the neoclassical style, characterized by sober, elegant features. For example, by building a new northern wing and redesigning the fa\u00e7ade with a new staircase, the ch\u00e2teau acquired the regularity, symmetry, and scale it had lacked. Inside, the Corinthian columns alternating with mirrors create the illusion of an antique portico.<\/p>\t\t\t\t\t\t\t\t<\/div>\n\t\t\t\t<\/div>\n\t\t\t\t\t<\/div>\n\t\t<\/div>\n\t\t\t\t<div class=\"elementor-column elementor-col-50 elementor-top-column elementor-element elementor-element-2c8d888\" data-id=\"2c8d888\" data-element_type=\"column\" data-e-type=\"column\" data-settings=\"{&quot;background_background&quot;:&quot;classic&quot;}\">\n\t\t\t<div class=\"elementor-widget-wrap elementor-element-populated\">\n\t\t\t\t\t\t<div class=\"elementor-element elementor-element-b285297 elementor-widget elementor-widget-image\" data-id=\"b285297\" data-element_type=\"widget\" data-e-type=\"widget\" data-widget_type=\"image.default\">\n\t\t\t\t<div class=\"elementor-widget-container\">\n\t\t\t\t\t\t\t\t\t\t\t\t\t\t\t<img loading=\"lazy\" decoding=\"async\" width=\"800\" height=\"532\" src=\"https:\/\/www.dolcehotelversailles.com\/wp-content\/uploads\/2023\/06\/6_1816-1923_Le-Montcel-facade-est-vers-1930.jpg\" class=\"attachment-large size-large wp-image-4352\" alt=\"View of the fa\u00e7ade - chateau Hotel Yvelines\" srcset=\"https:\/\/www.dolcehotelversailles.com\/wp-content\/uploads\/2023\/06\/6_1816-1923_Le-Montcel-facade-est-vers-1930.jpg 864w, https:\/\/www.dolcehotelversailles.com\/wp-content\/uploads\/2023\/06\/6_1816-1923_Le-Montcel-facade-est-vers-1930-300x200.jpg 300w, https:\/\/www.dolcehotelversailles.com\/wp-content\/uploads\/2023\/06\/6_1816-1923_Le-Montcel-facade-est-vers-1930-768x511.jpg 768w, https:\/\/www.dolcehotelversailles.com\/wp-content\/uploads\/2023\/06\/6_1816-1923_Le-Montcel-facade-est-vers-1930-18x12.jpg 18w\" sizes=\"(max-width: 800px) 100vw, 800px\" title=\"\">\t\t\t\t\t\t\t\t\t\t\t\t\t\t\t<\/div>\n\t\t\t\t<\/div>\n\t\t\t\t\t<\/div>\n\t\t<\/div>\n\t\t\t\t\t<\/div>\n\t\t<\/section>\n\t\t\t\t<section class=\"elementor-section elementor-top-section elementor-element elementor-element-7be5cdb elementor-hidden-tablet elementor-hidden-mobile elementor-section-boxed elementor-section-height-default elementor-section-height-default\" data-id=\"7be5cdb\" data-element_type=\"section\" data-e-type=\"section\" data-settings=\"{&quot;background_background&quot;:&quot;classic&quot;}\">\n\t\t\t\t\t\t<div class=\"elementor-container elementor-column-gap-no\">\n\t\t\t\t\t<div class=\"elementor-column elementor-col-50 elementor-top-column elementor-element elementor-element-a9f3185\" data-id=\"a9f3185\" data-element_type=\"column\" data-e-type=\"column\" data-settings=\"{&quot;background_background&quot;:&quot;classic&quot;}\">\n\t\t\t<div class=\"elementor-widget-wrap elementor-element-populated\">\n\t\t\t\t\t\t<div class=\"elementor-element elementor-element-4a5b42d elementor-widget-laptop__width-initial elementor-widget elementor-widget-image\" data-id=\"4a5b42d\" data-element_type=\"widget\" data-e-type=\"widget\" data-widget_type=\"image.default\">\n\t\t\t\t<div class=\"elementor-widget-container\">\n\t\t\t\t\t\t\t\t\t\t\t\t\t\t\t<img loading=\"lazy\" decoding=\"async\" width=\"756\" height=\"1024\" src=\"https:\/\/www.dolcehotelversailles.com\/wp-content\/uploads\/2023\/05\/Vue-du-village-de-Jouy-pris-du-parc-du-Montccel-vers-1819-Dessin-au-lavis-d_Amelie-Mallet-Oberkampf-756x1024.jpg\" class=\"attachment-large size-large wp-image-3880\" alt=\"\" srcset=\"https:\/\/www.dolcehotelversailles.com\/wp-content\/uploads\/2023\/05\/Vue-du-village-de-Jouy-pris-du-parc-du-Montccel-vers-1819-Dessin-au-lavis-d_Amelie-Mallet-Oberkampf-756x1024.jpg 756w, https:\/\/www.dolcehotelversailles.com\/wp-content\/uploads\/2023\/05\/Vue-du-village-de-Jouy-pris-du-parc-du-Montccel-vers-1819-Dessin-au-lavis-d_Amelie-Mallet-Oberkampf-221x300.jpg 221w, https:\/\/www.dolcehotelversailles.com\/wp-content\/uploads\/2023\/05\/Vue-du-village-de-Jouy-pris-du-parc-du-Montccel-vers-1819-Dessin-au-lavis-d_Amelie-Mallet-Oberkampf-768x1040.jpg 768w, https:\/\/www.dolcehotelversailles.com\/wp-content\/uploads\/2023\/05\/Vue-du-village-de-Jouy-pris-du-parc-du-Montccel-vers-1819-Dessin-au-lavis-d_Amelie-Mallet-Oberkampf-9x12.jpg 9w, https:\/\/www.dolcehotelversailles.com\/wp-content\/uploads\/2023\/05\/Vue-du-village-de-Jouy-pris-du-parc-du-Montccel-vers-1819-Dessin-au-lavis-d_Amelie-Mallet-Oberkampf.jpg 1010w\" sizes=\"(max-width: 756px) 100vw, 756px\" title=\"\">\t\t\t\t\t\t\t\t\t\t\t\t\t\t\t<\/div>\n\t\t\t\t<\/div>\n\t\t\t\t\t<\/div>\n\t\t<\/div>\n\t\t\t\t<div class=\"elementor-column elementor-col-50 elementor-top-column elementor-element elementor-element-29df97b\" data-id=\"29df97b\" data-element_type=\"column\" data-e-type=\"column\" data-settings=\"{&quot;background_background&quot;:&quot;classic&quot;}\">\n\t\t\t<div class=\"elementor-widget-wrap elementor-element-populated\">\n\t\t\t\t\t\t<div class=\"elementor-element elementor-element-b71f59c elementor-widget elementor-widget-heading\" data-id=\"b71f59c\" data-element_type=\"widget\" data-e-type=\"widget\" data-widget_type=\"heading.default\">\n\t\t\t\t<div class=\"elementor-widget-container\">\n\t\t\t\t\t<h2 class=\"elementor-heading-title elementor-size-default\">IMPROVEMENTS TO THE PARK<\/h2>\t\t\t\t<\/div>\n\t\t\t\t<\/div>\n\t\t\t\t<div class=\"elementor-element elementor-element-31badd5 elementor-widget elementor-widget-text-editor\" data-id=\"31badd5\" data-element_type=\"widget\" data-e-type=\"widget\" data-widget_type=\"text-editor.default\">\n\t\t\t\t<div class=\"elementor-widget-container\">\n\t\t\t\t\t\t\t\t\t<p>Madame Oberkampf recovered a park with traditional French-style regular gardens, such as those found on the grounds of the Ch\u00e2teau de Versailles. However, the Petit Trianon at Versailles began to evolve with the implementation of Marie-Antoinette's English garden, created in 1775 by Richard Mique.<\/p><p>This craze for English-style gardens, also known as \"picturesque gardens\" or \"landscape gardens,\" saw the triumph of irregularity over symmetry and geometry. <br \/>Madame Oberkampf, therefore, chose to transform the park, where nature is both constrained and organized, into something decidedly more fashionable and entrusted the project to one of the most famous Scottish landscape architects of his time, Thomas Blaikie, between 1806 and 1808.<\/p><p>The main elements of its design are the English river, a pond, and its small island, adjoined by two rustic bridges, the grotto, winding paths, and meadows of fruit trees.<br \/>The garden has been designed as a sensory and sentimental journey, with unexpected paths leading the way, creating a sense of surprise but also conducive to reverie, wonder, contemplation and melancholy, like a modern Arcadia.<\/p>\t\t\t\t\t\t\t\t<\/div>\n\t\t\t\t<\/div>\n\t\t\t\t\t<\/div>\n\t\t<\/div>\n\t\t\t\t\t<\/div>\n\t\t<\/section>\n\t\t\t\t<section class=\"elementor-section elementor-top-section elementor-element elementor-element-cb257d3 elementor-hidden-tablet elementor-hidden-mobile elementor-section-boxed elementor-section-height-default elementor-section-height-default\" data-id=\"cb257d3\" data-element_type=\"section\" data-e-type=\"section\" data-settings=\"{&quot;background_background&quot;:&quot;classic&quot;}\">\n\t\t\t\t\t\t<div class=\"elementor-container elementor-column-gap-no\">\n\t\t\t\t\t<div class=\"elementor-column elementor-col-50 elementor-top-column elementor-element elementor-element-b36c29f\" data-id=\"b36c29f\" data-element_type=\"column\" data-e-type=\"column\" data-settings=\"{&quot;background_background&quot;:&quot;classic&quot;}\">\n\t\t\t<div class=\"elementor-widget-wrap elementor-element-populated\">\n\t\t\t\t\t\t<div class=\"elementor-element elementor-element-8edf2c3 elementor-widget elementor-widget-heading\" data-id=\"8edf2c3\" data-element_type=\"widget\" data-e-type=\"widget\" data-widget_type=\"heading.default\">\n\t\t\t\t<div class=\"elementor-widget-container\">\n\t\t\t\t\t<h2 class=\"elementor-heading-title elementor-size-default\">FROM 1816 TO 1923: MONTCEL UNDER THE MALLETS<\/h2>\t\t\t\t<\/div>\n\t\t\t\t<\/div>\n\t\t\t\t<div class=\"elementor-element elementor-element-1307f25 elementor-widget elementor-widget-text-editor\" data-id=\"1307f25\" data-element_type=\"widget\" data-e-type=\"widget\" data-widget_type=\"text-editor.default\">\n\t\t\t\t<div class=\"elementor-widget-container\">\n\t\t\t\t\t\t\t\t\t<p>When Madame Oberkampf died on December 9, 1816, her daughter Emilie, wife of banker Louis-Jules Mallet (brother of James Mallet, First Baron Mallet de Chalmassy), then their son Henri and grandson Fr\u00e9d\u00e9ric inherited the estate.<\/p><p>Between 1860 and 1870, several contemporary buildings were completed: the house known as \"le Chalet\" to the north of the Ch\u00e2teau and the \"Maison du gardien\" at the entrance to the estate.<br \/>Finally, it is assumed that it was at this time that the English river, at the edge of the outbuildings, was filled in, and the entrance to the estate was moved to the south-west corner of the plot, where rue du Montcel meets rue de la Manufacture des Toiles de Jouy.<\/p>\t\t\t\t\t\t\t\t<\/div>\n\t\t\t\t<\/div>\n\t\t\t\t\t<\/div>\n\t\t<\/div>\n\t\t\t\t<div class=\"elementor-column elementor-col-50 elementor-top-column elementor-element elementor-element-680380a\" data-id=\"680380a\" data-element_type=\"column\" data-e-type=\"column\" data-settings=\"{&quot;background_background&quot;:&quot;classic&quot;}\">\n\t\t\t<div class=\"elementor-widget-wrap elementor-element-populated\">\n\t\t\t\t\t\t<div class=\"elementor-element elementor-element-467a007 elementor-widget elementor-widget-image\" data-id=\"467a007\" data-element_type=\"widget\" data-e-type=\"widget\" data-widget_type=\"image.default\">\n\t\t\t\t<div class=\"elementor-widget-container\">\n\t\t\t\t\t\t\t\t\t\t\t\t\t\t\t<img loading=\"lazy\" decoding=\"async\" width=\"800\" height=\"526\" src=\"https:\/\/www.dolcehotelversailles.com\/wp-content\/uploads\/2023\/06\/Carrousel_Le-Chalet-et-le-chateau-du-Montcel-facade-ouest-vers-1930.jpg\" class=\"attachment-large size-large wp-image-4458\" alt=\"The chalet on the west side - chateau Hotel Yvelines\" srcset=\"https:\/\/www.dolcehotelversailles.com\/wp-content\/uploads\/2023\/06\/Carrousel_Le-Chalet-et-le-chateau-du-Montcel-facade-ouest-vers-1930.jpg 864w, https:\/\/www.dolcehotelversailles.com\/wp-content\/uploads\/2023\/06\/Carrousel_Le-Chalet-et-le-chateau-du-Montcel-facade-ouest-vers-1930-300x197.jpg 300w, https:\/\/www.dolcehotelversailles.com\/wp-content\/uploads\/2023\/06\/Carrousel_Le-Chalet-et-le-chateau-du-Montcel-facade-ouest-vers-1930-768x505.jpg 768w, https:\/\/www.dolcehotelversailles.com\/wp-content\/uploads\/2023\/06\/Carrousel_Le-Chalet-et-le-chateau-du-Montcel-facade-ouest-vers-1930-18x12.jpg 18w\" sizes=\"(max-width: 800px) 100vw, 800px\" title=\"\">\t\t\t\t\t\t\t\t\t\t\t\t\t\t\t<\/div>\n\t\t\t\t<\/div>\n\t\t\t\t\t<\/div>\n\t\t<\/div>\n\t\t\t\t\t<\/div>\n\t\t<\/section>\n\t\t\t\t<section class=\"elementor-section elementor-top-section elementor-element elementor-element-a4dabda elementor-hidden-tablet elementor-hidden-mobile elementor-section-boxed elementor-section-height-default elementor-section-height-default\" data-id=\"a4dabda\" data-element_type=\"section\" data-e-type=\"section\" data-settings=\"{&quot;background_background&quot;:&quot;classic&quot;}\">\n\t\t\t\t\t\t<div class=\"elementor-container elementor-column-gap-no\">\n\t\t\t\t\t<div class=\"elementor-column elementor-col-50 elementor-top-column elementor-element elementor-element-e6c8d8f\" data-id=\"e6c8d8f\" data-element_type=\"column\" data-e-type=\"column\" data-settings=\"{&quot;background_background&quot;:&quot;classic&quot;}\">\n\t\t\t<div class=\"elementor-widget-wrap elementor-element-populated\">\n\t\t\t\t\t\t<div class=\"elementor-element elementor-element-e322f27 elementor-widget elementor-widget-image\" data-id=\"e322f27\" data-element_type=\"widget\" data-e-type=\"widget\" data-widget_type=\"image.default\">\n\t\t\t\t<div class=\"elementor-widget-container\">\n\t\t\t\t\t\t\t\t\t\t\t\t\t\t\t<img loading=\"lazy\" decoding=\"async\" width=\"800\" height=\"510\" src=\"https:\/\/www.dolcehotelversailles.com\/wp-content\/uploads\/2023\/06\/7.2_Montcel-2-1024x653.jpg\" class=\"attachment-large size-large wp-image-4350\" alt=\"Children&#039;s games at Montcel - chateau Hotel Yvelines\" srcset=\"https:\/\/www.dolcehotelversailles.com\/wp-content\/uploads\/2023\/06\/7.2_Montcel-2-1024x653.jpg 1024w, https:\/\/www.dolcehotelversailles.com\/wp-content\/uploads\/2023\/06\/7.2_Montcel-2-300x191.jpg 300w, https:\/\/www.dolcehotelversailles.com\/wp-content\/uploads\/2023\/06\/7.2_Montcel-2-768x490.jpg 768w, https:\/\/www.dolcehotelversailles.com\/wp-content\/uploads\/2023\/06\/7.2_Montcel-2-1536x979.jpg 1536w, https:\/\/www.dolcehotelversailles.com\/wp-content\/uploads\/2023\/06\/7.2_Montcel-2-18x12.jpg 18w, https:\/\/www.dolcehotelversailles.com\/wp-content\/uploads\/2023\/06\/7.2_Montcel-2.jpg 1641w\" sizes=\"(max-width: 800px) 100vw, 800px\" title=\"\">\t\t\t\t\t\t\t\t\t\t\t\t\t\t\t<\/div>\n\t\t\t\t<\/div>\n\t\t\t\t\t<\/div>\n\t\t<\/div>\n\t\t\t\t<div class=\"elementor-column elementor-col-50 elementor-top-column elementor-element elementor-element-011ca9b\" data-id=\"011ca9b\" data-element_type=\"column\" data-e-type=\"column\" data-settings=\"{&quot;background_background&quot;:&quot;classic&quot;}\">\n\t\t\t<div class=\"elementor-widget-wrap elementor-element-populated\">\n\t\t\t\t\t\t<div class=\"elementor-element elementor-element-b39b4e2 elementor-widget elementor-widget-heading\" data-id=\"b39b4e2\" data-element_type=\"widget\" data-e-type=\"widget\" data-widget_type=\"heading.default\">\n\t\t\t\t<div class=\"elementor-widget-container\">\n\t\t\t\t\t<h2 class=\"elementor-heading-title elementor-size-default\">FROM 1923 TO 1980: THE MONTCEL SCHOOL<\/h2>\t\t\t\t<\/div>\n\t\t\t\t<\/div>\n\t\t\t\t<div class=\"elementor-element elementor-element-2856833 elementor-widget elementor-widget-text-editor\" data-id=\"2856833\" data-element_type=\"widget\" data-e-type=\"widget\" data-widget_type=\"text-editor.default\">\n\t\t\t\t<div class=\"elementor-widget-container\">\n\t\t\t\t\t\t\t\t\t<p data-start=\"221\" data-end=\"568\">The Swiss Jeanrenaud brothers acquired the Domaine du Montcel and founded a public school of excellence for boys from good families. Inspired by the prestigious British boarding schools, they introduced a complete and rigorous education: classes in the morning, followed by sports and cultural activities in the afternoon.<\/p><p data-start=\"570\" data-end=\"1079\">Why did you choose Le Montcel? The vast wooded park offered an exceptional natural setting, ideal for an educational programme in which outdoor activities played an essential role. Its calm and spacious setting, just a few kilometres from Paris, also made it an ideal place for concentration and reflection. These qualities have not escaped the attention of the leading business school HEC, which now has its headquarters less than two kilometres from the estate.<\/p><p data-start=\"1081\" data-end=\"1187\">The \u00c9cole du Montcel has seen a number of students go on to become major figures in French culture:\u00a0<span style=\"background-color: transparent;\">director Jean-Michel Ribes,\u00a0<\/span><span style=\"background-color: transparent;\">the painter G\u00e9rard Garouste,\u00a0<\/span><span style=\"background-color: transparent;\">writer Patrick Modiano, who wrote about the establishment in <\/span><em style=\"background-color: transparent;\" data-start=\"1337\" data-end=\"1365\">Rue des boutiques obscures<\/em><span style=\"background-color: transparent;\"> (Prix Goncourt 1978)\u00a0<\/span><span style=\"background-color: transparent;\">and singer Michel Sardou, who refers to it in his song <\/span><em style=\"background-color: transparent;\" data-start=\"1463\" data-end=\"1487\">The general supervisor<\/em><span style=\"background-color: transparent;\"> (1972).<\/span><\/p><p data-start=\"1499\" data-end=\"1654\">From generation to generation, the Domaine du Montcel has established itself as a place where inspiration and creation find their natural place.<\/p>\t\t\t\t\t\t\t\t<\/div>\n\t\t\t\t<\/div>\n\t\t\t\t\t<\/div>\n\t\t<\/div>\n\t\t\t\t\t<\/div>\n\t\t<\/section>\n\t\t\t\t<section class=\"elementor-section elementor-top-section elementor-element elementor-element-78b0398 elementor-hidden-tablet elementor-hidden-mobile elementor-section-boxed elementor-section-height-default elementor-section-height-default\" data-id=\"78b0398\" data-element_type=\"section\" data-e-type=\"section\" data-settings=\"{&quot;background_background&quot;:&quot;classic&quot;}\">\n\t\t\t\t\t\t<div class=\"elementor-container elementor-column-gap-no\">\n\t\t\t\t\t<div class=\"elementor-column elementor-col-50 elementor-top-column elementor-element elementor-element-5772c4f\" data-id=\"5772c4f\" data-element_type=\"column\" data-e-type=\"column\" data-settings=\"{&quot;background_background&quot;:&quot;classic&quot;}\">\n\t\t\t<div class=\"elementor-widget-wrap elementor-element-populated\">\n\t\t\t\t\t\t<div class=\"elementor-element elementor-element-8a3545c elementor-widget elementor-widget-heading\" data-id=\"8a3545c\" data-element_type=\"widget\" data-e-type=\"widget\" data-widget_type=\"heading.default\">\n\t\t\t\t<div class=\"elementor-widget-container\">\n\t\t\t\t\t<h2 class=\"elementor-heading-title elementor-size-default\">YEAR 1940<\/h2>\t\t\t\t<\/div>\n\t\t\t\t<\/div>\n\t\t\t\t<div class=\"elementor-element elementor-element-45c1d13 elementor-widget elementor-widget-text-editor\" data-id=\"45c1d13\" data-element_type=\"widget\" data-e-type=\"widget\" data-widget_type=\"text-editor.default\">\n\t\t\t\t<div class=\"elementor-widget-container\">\n\t\t\t\t\t\t\t\t\t<p data-start=\"221\" data-end=\"568\">The Montcel School closes as the Kommandatura, a German military command center, takes over. At the end of the German occupation, the Luftwaffe planned to settle at Le Montcel, and part of the Wehrmacht air component headquarters set up its quarters on the estate. Between 1943 and 1944, a bunker was built in the northwestern part of the park to house an air detection and interception center.<\/p>\t\t\t\t\t\t\t\t<\/div>\n\t\t\t\t<\/div>\n\t\t\t\t<div class=\"elementor-element elementor-element-74eb472 elementor-widget elementor-widget-heading\" data-id=\"74eb472\" data-element_type=\"widget\" data-e-type=\"widget\" data-widget_type=\"heading.default\">\n\t\t\t\t<div class=\"elementor-widget-container\">\n\t\t\t\t\t<h2 class=\"elementor-heading-title elementor-size-default\">24 AUGUST 1944<\/h2>\t\t\t\t<\/div>\n\t\t\t\t<\/div>\n\t\t\t\t<div class=\"elementor-element elementor-element-bb4c248 elementor-widget elementor-widget-text-editor\" data-id=\"bb4c248\" data-element_type=\"widget\" data-e-type=\"widget\" data-widget_type=\"text-editor.default\">\n\t\t\t\t<div class=\"elementor-widget-container\">\n\t\t\t\t\t\t\t\t\t<p data-start=\"221\" data-end=\"568\">The Germans leave the Domaine du Montcel and set fire to the Ch\u00e2teau. The devastating fire wiped out all traces of the interior decor created in the 19th century. The roofs were utterly disfigured. The same year in October, work began rebuilding the Ch\u00e2teau, intending to reopen the school as soon as possible. Only the west facade, still standing after the fire, was restored to its original state. It wasn't until the 1950s that the reconstruction of the Oberkampf mansion was finished, but it was far from an identical restoration.<\/p>\t\t\t\t\t\t\t\t<\/div>\n\t\t\t\t<\/div>\n\t\t\t\t\t<\/div>\n\t\t<\/div>\n\t\t\t\t<div class=\"elementor-column elementor-col-50 elementor-top-column elementor-element elementor-element-17d0dd1\" data-id=\"17d0dd1\" data-element_type=\"column\" data-e-type=\"column\" data-settings=\"{&quot;background_background&quot;:&quot;classic&quot;}\">\n\t\t\t<div class=\"elementor-widget-wrap elementor-element-populated\">\n\t\t\t\t\t\t<div class=\"elementor-element elementor-element-3c4a46a elementor-widget elementor-widget-image\" data-id=\"3c4a46a\" data-element_type=\"widget\" data-e-type=\"widget\" data-widget_type=\"image.default\">\n\t\t\t\t<div class=\"elementor-widget-container\">\n\t\t\t\t\t\t\t\t\t\t\t\t\t\t\t<img loading=\"lazy\" decoding=\"async\" width=\"800\" height=\"510\" src=\"https:\/\/www.dolcehotelversailles.com\/wp-content\/uploads\/2023\/06\/7.2_Montcel-2-1024x653.jpg\" class=\"attachment-large size-large wp-image-4350\" alt=\"Children&#039;s games at Montcel - chateau Hotel Yvelines\" srcset=\"https:\/\/www.dolcehotelversailles.com\/wp-content\/uploads\/2023\/06\/7.2_Montcel-2-1024x653.jpg 1024w, https:\/\/www.dolcehotelversailles.com\/wp-content\/uploads\/2023\/06\/7.2_Montcel-2-300x191.jpg 300w, https:\/\/www.dolcehotelversailles.com\/wp-content\/uploads\/2023\/06\/7.2_Montcel-2-768x490.jpg 768w, https:\/\/www.dolcehotelversailles.com\/wp-content\/uploads\/2023\/06\/7.2_Montcel-2-1536x979.jpg 1536w, https:\/\/www.dolcehotelversailles.com\/wp-content\/uploads\/2023\/06\/7.2_Montcel-2-18x12.jpg 18w, https:\/\/www.dolcehotelversailles.com\/wp-content\/uploads\/2023\/06\/7.2_Montcel-2.jpg 1641w\" sizes=\"(max-width: 800px) 100vw, 800px\" title=\"\">\t\t\t\t\t\t\t\t\t\t\t\t\t\t\t<\/div>\n\t\t\t\t<\/div>\n\t\t\t\t\t<\/div>\n\t\t<\/div>\n\t\t\t\t\t<\/div>\n\t\t<\/section>\n\t\t\t\t<section class=\"elementor-section elementor-top-section elementor-element elementor-element-87597e8 elementor-hidden-tablet elementor-hidden-mobile elementor-section-boxed elementor-section-height-default elementor-section-height-default\" data-id=\"87597e8\" data-element_type=\"section\" data-e-type=\"section\" data-settings=\"{&quot;background_background&quot;:&quot;classic&quot;}\">\n\t\t\t\t\t\t<div class=\"elementor-container elementor-column-gap-no\">\n\t\t\t\t\t<div class=\"elementor-column elementor-col-50 elementor-top-column elementor-element elementor-element-6b029b2\" data-id=\"6b029b2\" data-element_type=\"column\" data-e-type=\"column\" data-settings=\"{&quot;background_background&quot;:&quot;classic&quot;}\">\n\t\t\t<div class=\"elementor-widget-wrap elementor-element-populated\">\n\t\t\t\t\t\t<div class=\"elementor-element elementor-element-b6d9dc1 elementor-widget elementor-widget-image\" data-id=\"b6d9dc1\" data-element_type=\"widget\" data-e-type=\"widget\" data-widget_type=\"image.default\">\n\t\t\t\t<div class=\"elementor-widget-container\">\n\t\t\t\t\t\t\t\t\t\t\t\t\t\t\t<img loading=\"lazy\" decoding=\"async\" width=\"800\" height=\"571\" src=\"https:\/\/www.dolcehotelversailles.com\/wp-content\/uploads\/2023\/06\/7.4_1923-1980_Montcel1931cour-1024x731.jpg\" class=\"attachment-large size-large wp-image-4362\" alt=\"La cour de Montcel - chateau Hotel Yvelines\" srcset=\"https:\/\/www.dolcehotelversailles.com\/wp-content\/uploads\/2023\/06\/7.4_1923-1980_Montcel1931cour-1024x731.jpg 1024w, https:\/\/www.dolcehotelversailles.com\/wp-content\/uploads\/2023\/06\/7.4_1923-1980_Montcel1931cour-300x214.jpg 300w, https:\/\/www.dolcehotelversailles.com\/wp-content\/uploads\/2023\/06\/7.4_1923-1980_Montcel1931cour-768x548.jpg 768w, https:\/\/www.dolcehotelversailles.com\/wp-content\/uploads\/2023\/06\/7.4_1923-1980_Montcel1931cour-18x12.jpg 18w, https:\/\/www.dolcehotelversailles.com\/wp-content\/uploads\/2023\/06\/7.4_1923-1980_Montcel1931cour-rotated.jpg 1502w\" sizes=\"(max-width: 800px) 100vw, 800px\" title=\"\">\t\t\t\t\t\t\t\t\t\t\t\t\t\t\t<\/div>\n\t\t\t\t<\/div>\n\t\t\t\t\t<\/div>\n\t\t<\/div>\n\t\t\t\t<div class=\"elementor-column elementor-col-50 elementor-top-column elementor-element elementor-element-a88b5f0\" data-id=\"a88b5f0\" data-element_type=\"column\" data-e-type=\"column\" data-settings=\"{&quot;background_background&quot;:&quot;classic&quot;}\">\n\t\t\t<div class=\"elementor-widget-wrap elementor-element-populated\">\n\t\t\t\t\t\t<div class=\"elementor-element elementor-element-71eeb0b elementor-widget elementor-widget-heading\" data-id=\"71eeb0b\" data-element_type=\"widget\" data-e-type=\"widget\" data-widget_type=\"heading.default\">\n\t\t\t\t<div class=\"elementor-widget-container\">\n\t\t\t\t\t<h2 class=\"elementor-heading-title elementor-size-default\">YEAR 1967<\/h2>\t\t\t\t<\/div>\n\t\t\t\t<\/div>\n\t\t\t\t<div class=\"elementor-element elementor-element-f0601a5 elementor-widget elementor-widget-text-editor\" data-id=\"f0601a5\" data-element_type=\"widget\" data-e-type=\"widget\" data-widget_type=\"text-editor.default\">\n\t\t\t\t<div class=\"elementor-widget-container\">\n\t\t\t\t\t\t\t\t\t<p data-start=\"221\" data-end=\"568\">Thanks to the insistence of Pierre Jeanrenaud, who was alarmed by a freeway project, the Montcel site was classified as a site on April 10, 1967. This classification enabled the preservation of one of the English-style parks laid out in France by Thomas Blaikie, the most famous of the landscape gardeners of the late 18th and 19th centuries, whose main design features can still be seen today (the English river, the grotto, the west and east meadows on either side of the ch\u00e2teau).<\/p>\t\t\t\t\t\t\t\t<\/div>\n\t\t\t\t<\/div>\n\t\t\t\t<div class=\"elementor-element elementor-element-53e1b3a elementor-widget elementor-widget-heading\" data-id=\"53e1b3a\" data-element_type=\"widget\" data-e-type=\"widget\" data-widget_type=\"heading.default\">\n\t\t\t\t<div class=\"elementor-widget-container\">\n\t\t\t\t\t<h2 class=\"elementor-heading-title elementor-size-default\">YEAR 1980<\/h2>\t\t\t\t<\/div>\n\t\t\t\t<\/div>\n\t\t\t\t<div class=\"elementor-element elementor-element-a9b2c61 elementor-widget elementor-widget-text-editor\" data-id=\"a9b2c61\" data-element_type=\"widget\" data-e-type=\"widget\" data-widget_type=\"text-editor.default\">\n\t\t\t\t<div class=\"elementor-widget-container\">\n\t\t\t\t\t\t\t\t\t<p data-start=\"221\" data-end=\"568\">Competition from local colleges gradually led to the decline of the \u00c9cole du Montcel. The school closes its doors for good at the end of June.<\/p>\t\t\t\t\t\t\t\t<\/div>\n\t\t\t\t<\/div>\n\t\t\t\t\t<\/div>\n\t\t<\/div>\n\t\t\t\t\t<\/div>\n\t\t<\/section>\n\t\t\t\t<section class=\"elementor-section elementor-top-section elementor-element elementor-element-7ea6421 elementor-hidden-tablet elementor-hidden-mobile elementor-section-boxed elementor-section-height-default elementor-section-height-default\" data-id=\"7ea6421\" data-element_type=\"section\" data-e-type=\"section\" data-settings=\"{&quot;background_background&quot;:&quot;classic&quot;}\">\n\t\t\t\t\t\t<div class=\"elementor-container elementor-column-gap-no\">\n\t\t\t\t\t<div class=\"elementor-column elementor-col-50 elementor-top-column elementor-element elementor-element-b89f075\" data-id=\"b89f075\" data-element_type=\"column\" data-e-type=\"column\" data-settings=\"{&quot;background_background&quot;:&quot;classic&quot;}\">\n\t\t\t<div class=\"elementor-widget-wrap elementor-element-populated\">\n\t\t\t\t\t\t<div class=\"elementor-element elementor-element-80ab244 elementor-widget elementor-widget-heading\" data-id=\"80ab244\" data-element_type=\"widget\" data-e-type=\"widget\" data-widget_type=\"heading.default\">\n\t\t\t\t<div class=\"elementor-widget-container\">\n\t\t\t\t\t<h2 class=\"elementor-heading-title elementor-size-default\">FROM 1980 TO 1984: CONTEMPORARY ART CENTRE &amp; SPORTS LEISURE CLUB<\/h2>\t\t\t\t<\/div>\n\t\t\t\t<\/div>\n\t\t\t\t<div class=\"elementor-element elementor-element-5d6edec elementor-widget elementor-widget-text-editor\" data-id=\"5d6edec\" data-element_type=\"widget\" data-e-type=\"widget\" data-widget_type=\"text-editor.default\">\n\t\t\t\t<div class=\"elementor-widget-container\">\n\t\t\t\t\t\t\t\t\t<p data-start=\"221\" data-end=\"568\">After buying the estate, patron, property developer, and art lover, Jean Hamon converted it into a contemporary art center and sports leisure club.<br \/>He set up artists' studios, and it was during this period that part of the estate became known as the \"Village des Arts .\" Above all, one of the park's two most critical monumental works was installed during this period.<\/p>\t\t\t\t\t\t\t\t<\/div>\n\t\t\t\t<\/div>\n\t\t\t\t\t<\/div>\n\t\t<\/div>\n\t\t\t\t<div class=\"elementor-column elementor-col-50 elementor-top-column elementor-element elementor-element-0ddab39\" data-id=\"0ddab39\" data-element_type=\"column\" data-e-type=\"column\" data-settings=\"{&quot;background_background&quot;:&quot;classic&quot;}\">\n\t\t\t<div class=\"elementor-widget-wrap elementor-element-populated\">\n\t\t\t\t\t\t<div class=\"elementor-element elementor-element-52aa1e7 elementor-widget elementor-widget-image\" data-id=\"52aa1e7\" data-element_type=\"widget\" data-e-type=\"widget\" data-widget_type=\"image.default\">\n\t\t\t\t<div class=\"elementor-widget-container\">\n\t\t\t\t\t\t\t\t\t\t\t\t\t\t\t<img loading=\"lazy\" decoding=\"async\" width=\"800\" height=\"509\" src=\"https:\/\/www.dolcehotelversailles.com\/wp-content\/uploads\/2023\/06\/11_1980-1984_Montcel-15-1024x651.jpg\" class=\"attachment-large size-large wp-image-4361\" alt=\"hotel front view - chateau Hotel Yvelines\" srcset=\"https:\/\/www.dolcehotelversailles.com\/wp-content\/uploads\/2023\/06\/11_1980-1984_Montcel-15-1024x651.jpg 1024w, https:\/\/www.dolcehotelversailles.com\/wp-content\/uploads\/2023\/06\/11_1980-1984_Montcel-15-300x191.jpg 300w, https:\/\/www.dolcehotelversailles.com\/wp-content\/uploads\/2023\/06\/11_1980-1984_Montcel-15-768x488.jpg 768w, https:\/\/www.dolcehotelversailles.com\/wp-content\/uploads\/2023\/06\/11_1980-1984_Montcel-15-1536x976.jpg 1536w, https:\/\/www.dolcehotelversailles.com\/wp-content\/uploads\/2023\/06\/11_1980-1984_Montcel-15-18x12.jpg 18w, https:\/\/www.dolcehotelversailles.com\/wp-content\/uploads\/2023\/06\/11_1980-1984_Montcel-15.jpg 1759w\" sizes=\"(max-width: 800px) 100vw, 800px\" title=\"\">\t\t\t\t\t\t\t\t\t\t\t\t\t\t\t<\/div>\n\t\t\t\t<\/div>\n\t\t\t\t\t<\/div>\n\t\t<\/div>\n\t\t\t\t\t<\/div>\n\t\t<\/section>\n\t\t\t\t<section class=\"elementor-section elementor-top-section elementor-element elementor-element-9a0fa08 elementor-hidden-tablet elementor-hidden-mobile elementor-section-boxed elementor-section-height-default elementor-section-height-default\" data-id=\"9a0fa08\" data-element_type=\"section\" data-e-type=\"section\" data-settings=\"{&quot;background_background&quot;:&quot;classic&quot;}\">\n\t\t\t\t\t\t<div class=\"elementor-container elementor-column-gap-no\">\n\t\t\t\t\t<div class=\"elementor-column elementor-col-50 elementor-top-column elementor-element elementor-element-a242fee\" data-id=\"a242fee\" data-element_type=\"column\" data-e-type=\"column\" data-settings=\"{&quot;background_background&quot;:&quot;classic&quot;}\">\n\t\t\t<div class=\"elementor-widget-wrap elementor-element-populated\">\n\t\t\t\t\t\t<div class=\"elementor-element elementor-element-77fb442 elementor-widget elementor-widget-image\" data-id=\"77fb442\" data-element_type=\"widget\" data-e-type=\"widget\" data-widget_type=\"image.default\">\n\t\t\t\t<div class=\"elementor-widget-container\">\n\t\t\t\t\t\t\t\t\t\t\t\t\t\t\t<img loading=\"lazy\" decoding=\"async\" width=\"800\" height=\"671\" src=\"https:\/\/www.dolcehotelversailles.com\/wp-content\/uploads\/2025\/10\/Design-sans-titre-20.png\" class=\"attachment-large size-large wp-image-11875\" alt=\"\" srcset=\"https:\/\/www.dolcehotelversailles.com\/wp-content\/uploads\/2025\/10\/Design-sans-titre-20.png 940w, https:\/\/www.dolcehotelversailles.com\/wp-content\/uploads\/2025\/10\/Design-sans-titre-20-300x251.png 300w, https:\/\/www.dolcehotelversailles.com\/wp-content\/uploads\/2025\/10\/Design-sans-titre-20-768x644.png 768w, https:\/\/www.dolcehotelversailles.com\/wp-content\/uploads\/2025\/10\/Design-sans-titre-20-14x12.png 14w\" sizes=\"(max-width: 800px) 100vw, 800px\" title=\"\">\t\t\t\t\t\t\t\t\t\t\t\t\t\t\t<\/div>\n\t\t\t\t<\/div>\n\t\t\t\t\t<\/div>\n\t\t<\/div>\n\t\t\t\t<div class=\"elementor-column elementor-col-50 elementor-top-column elementor-element elementor-element-69ac3fe\" data-id=\"69ac3fe\" data-element_type=\"column\" data-e-type=\"column\" data-settings=\"{&quot;background_background&quot;:&quot;classic&quot;}\">\n\t\t\t<div class=\"elementor-widget-wrap elementor-element-populated\">\n\t\t\t\t\t\t<div class=\"elementor-element elementor-element-e20b1a2 elementor-widget elementor-widget-heading\" data-id=\"e20b1a2\" data-element_type=\"widget\" data-e-type=\"widget\" data-widget_type=\"heading.default\">\n\t\t\t\t<div class=\"elementor-widget-container\">\n\t\t\t\t\t<h2 class=\"elementor-heading-title elementor-size-default\">1982 : LONG TERM PARKING D'ARMAN<\/h2>\t\t\t\t<\/div>\n\t\t\t\t<\/div>\n\t\t\t\t<div class=\"elementor-element elementor-element-367a497 elementor-widget elementor-widget-text-editor\" data-id=\"367a497\" data-element_type=\"widget\" data-e-type=\"widget\" data-widget_type=\"text-editor.default\">\n\t\t\t\t<div class=\"elementor-widget-container\">\n\t\t\t\t\t\t\t\t\t<p data-start=\"104\" data-end=\"421\">In 1982, Arman created <em data-start=\"163\" data-end=\"182\">Long Term Parking<\/em>a monumental 19-metre tower made up of 59 carcasses cast in concrete, in the heart of the Domaine du Montcel. Symbolising consumer society, the work illustrates both the abundance and perishability of objects.<\/p><p data-start=\"423\" data-end=\"772\">When it was first created, it provoked controversy, shocking people with its presence in a rural, neo-classical setting. Today, it is recognised as one of the major works of modern art. Designed to evolve over time, this sculpture raises the question of its eventual disappearance, reflecting the fragility of what it represents.<\/p>\t\t\t\t\t\t\t\t<\/div>\n\t\t\t\t<\/div>\n\t\t\t\t\t<\/div>\n\t\t<\/div>\n\t\t\t\t\t<\/div>\n\t\t<\/section>\n\t\t\t\t<section class=\"elementor-section elementor-top-section elementor-element elementor-element-b9c3d2a elementor-hidden-tablet elementor-hidden-mobile elementor-section-boxed elementor-section-height-default elementor-section-height-default\" data-id=\"b9c3d2a\" data-element_type=\"section\" data-e-type=\"section\" data-settings=\"{&quot;background_background&quot;:&quot;classic&quot;}\">\n\t\t\t\t\t\t<div class=\"elementor-container elementor-column-gap-no\">\n\t\t\t\t\t<div class=\"elementor-column elementor-col-50 elementor-top-column elementor-element elementor-element-f783357\" data-id=\"f783357\" data-element_type=\"column\" data-e-type=\"column\" data-settings=\"{&quot;background_background&quot;:&quot;classic&quot;}\">\n\t\t\t<div class=\"elementor-widget-wrap elementor-element-populated\">\n\t\t\t\t\t\t<div class=\"elementor-element elementor-element-06f5ab8 elementor-widget elementor-widget-heading\" data-id=\"06f5ab8\" data-element_type=\"widget\" data-e-type=\"widget\" data-widget_type=\"heading.default\">\n\t\t\t\t<div class=\"elementor-widget-container\">\n\t\t\t\t\t<h2 class=\"elementor-heading-title elementor-size-default\">1983: LUNCH ON THE GRASS BY DANIEL SPOERRI <\/h2>\t\t\t\t<\/div>\n\t\t\t\t<\/div>\n\t\t\t\t<div class=\"elementor-element elementor-element-f4bc420 elementor-widget elementor-widget-text-editor\" data-id=\"f4bc420\" data-element_type=\"widget\" data-e-type=\"widget\" data-widget_type=\"text-editor.default\">\n\t\t\t\t<div class=\"elementor-widget-container\">\n\t\t\t\t\t\t\t\t\t<p><span style=\"font-weight: 400;\">On April 23, 1983, in the middle of the lawn of the Domaine du Montcel, a performance took place by the artist Daniel Spoerri, a renowned visual artist and member of the \u201cNouveau R\u00e9alisme movement\u201d. The performance is entitled <i>Lunch on the Grass<\/i> - an allusion to Manet's famous 1863 painting <i>Lunch on the Grass<\/i>. 120 guests and personalities from the art world, including Arman, C\u00e9sar, and Pierre Soulages, are invited to a festive and frugal banquet. At the end of the meal, the tables, crockery, cutlery, bottles, and leftovers are buried in a 60-meter-long trench dug in advance.<\/span><\/p><p><span style=\"font-weight: 400;\">In 2010, 33 years after the famous meal, archaeological excavations were carried out by INRAP, the French National Institute for Preventive Archaeological Research. Unfortunately, Daniel Spoerri could not attend this excavation, which he had nevertheless anticipated and imagined at the moment of his 1983 performance.<\/span><span style=\"font-weight: 400;\"><br \/><\/span><span style=\"font-weight: 400;\">The first excavations of their kind in contemporary art history reveal the cutlery and other objects left behind by the guests. This first scientific excavation applied to contemporary art questions the limits of soil archive studies and provides essential information on the memory conveyed by short-term material traces.<\/span><\/p><p><span style=\"font-weight: 400;\">Photographs taken during the dinner in 1983 and a film shot during the 2010 excavations remain of this performance today. Bronze casts have also been created from the remains. As a permanent record of the work in situ, 6m of the 60m trench is still buried in the grounds of the Domaine, while another adorns the artist's park in Tuscany.<\/span><\/p>\t\t\t\t\t\t\t\t<\/div>\n\t\t\t\t<\/div>\n\t\t\t\t\t<\/div>\n\t\t<\/div>\n\t\t\t\t<div class=\"elementor-column elementor-col-50 elementor-top-column elementor-element elementor-element-7bc7ac8\" data-id=\"7bc7ac8\" data-element_type=\"column\" data-e-type=\"column\" data-settings=\"{&quot;background_background&quot;:&quot;classic&quot;}\">\n\t\t\t<div class=\"elementor-widget-wrap elementor-element-populated\">\n\t\t\t\t\t\t<div class=\"elementor-element elementor-element-b4169d3 elementor-widget elementor-widget-image\" data-id=\"b4169d3\" data-element_type=\"widget\" data-e-type=\"widget\" data-widget_type=\"image.default\">\n\t\t\t\t<div class=\"elementor-widget-container\">\n\t\t\t\t\t\t\t\t\t\t\t\t\t\t\t<img loading=\"lazy\" decoding=\"async\" width=\"411\" height=\"279\" src=\"https:\/\/www.dolcehotelversailles.com\/wp-content\/uploads\/2023\/06\/12.2_Le-Dejeuner-sous-lherbe-23-avril-1983-sur-la-pelouse-du-Domaine-du-Montcel_-enfouissement-perfomance-artistique-de-Daniel-Spoerri.jpg\" class=\"attachment-large size-large wp-image-4359\" alt=\"lunch on the grass - chateau Hotel Yvelines\" srcset=\"https:\/\/www.dolcehotelversailles.com\/wp-content\/uploads\/2023\/06\/12.2_Le-Dejeuner-sous-lherbe-23-avril-1983-sur-la-pelouse-du-Domaine-du-Montcel_-enfouissement-perfomance-artistique-de-Daniel-Spoerri.jpg 411w, https:\/\/www.dolcehotelversailles.com\/wp-content\/uploads\/2023\/06\/12.2_Le-Dejeuner-sous-lherbe-23-avril-1983-sur-la-pelouse-du-Domaine-du-Montcel_-enfouissement-perfomance-artistique-de-Daniel-Spoerri-300x204.jpg 300w, https:\/\/www.dolcehotelversailles.com\/wp-content\/uploads\/2023\/06\/12.2_Le-Dejeuner-sous-lherbe-23-avril-1983-sur-la-pelouse-du-Domaine-du-Montcel_-enfouissement-perfomance-artistique-de-Daniel-Spoerri-18x12.jpg 18w\" sizes=\"(max-width: 411px) 100vw, 411px\" title=\"\">\t\t\t\t\t\t\t\t\t\t\t\t\t\t\t<\/div>\n\t\t\t\t<\/div>\n\t\t\t\t\t<\/div>\n\t\t<\/div>\n\t\t\t\t\t<\/div>\n\t\t<\/section>\n\t\t\t\t<section class=\"elementor-section elementor-top-section elementor-element elementor-element-6fb8faa elementor-hidden-tablet elementor-hidden-mobile elementor-section-boxed elementor-section-height-default elementor-section-height-default\" data-id=\"6fb8faa\" data-element_type=\"section\" data-e-type=\"section\" data-settings=\"{&quot;background_background&quot;:&quot;classic&quot;}\">\n\t\t\t\t\t\t<div class=\"elementor-container elementor-column-gap-no\">\n\t\t\t\t\t<div class=\"elementor-column elementor-col-50 elementor-top-column elementor-element elementor-element-32f0d48\" data-id=\"32f0d48\" data-element_type=\"column\" data-e-type=\"column\" data-settings=\"{&quot;background_background&quot;:&quot;classic&quot;}\">\n\t\t\t<div class=\"elementor-widget-wrap elementor-element-populated\">\n\t\t\t\t\t\t<div class=\"elementor-element elementor-element-9fb76f8 elementor-widget elementor-widget-image\" data-id=\"9fb76f8\" data-element_type=\"widget\" data-e-type=\"widget\" data-widget_type=\"image.default\">\n\t\t\t\t<div class=\"elementor-widget-container\">\n\t\t\t\t\t\t\t\t\t\t\t\t\t\t\t<img loading=\"lazy\" decoding=\"async\" width=\"800\" height=\"640\" src=\"https:\/\/www.dolcehotelversailles.com\/wp-content\/uploads\/2023\/06\/13.1_1980-1984_Vue-aerienne-oeuvres-dart.jpg\" class=\"attachment-large size-large wp-image-4358\" alt=\"Aerial views - chateau Hotel Yvelines\" srcset=\"https:\/\/www.dolcehotelversailles.com\/wp-content\/uploads\/2023\/06\/13.1_1980-1984_Vue-aerienne-oeuvres-dart.jpg 1000w, https:\/\/www.dolcehotelversailles.com\/wp-content\/uploads\/2023\/06\/13.1_1980-1984_Vue-aerienne-oeuvres-dart-300x240.jpg 300w, https:\/\/www.dolcehotelversailles.com\/wp-content\/uploads\/2023\/06\/13.1_1980-1984_Vue-aerienne-oeuvres-dart-768x614.jpg 768w, https:\/\/www.dolcehotelversailles.com\/wp-content\/uploads\/2023\/06\/13.1_1980-1984_Vue-aerienne-oeuvres-dart-15x12.jpg 15w\" sizes=\"(max-width: 800px) 100vw, 800px\" title=\"\">\t\t\t\t\t\t\t\t\t\t\t\t\t\t\t<\/div>\n\t\t\t\t<\/div>\n\t\t\t\t\t<\/div>\n\t\t<\/div>\n\t\t\t\t<div class=\"elementor-column elementor-col-50 elementor-top-column elementor-element elementor-element-0384780\" data-id=\"0384780\" data-element_type=\"column\" data-e-type=\"column\" data-settings=\"{&quot;background_background&quot;:&quot;classic&quot;}\">\n\t\t\t<div class=\"elementor-widget-wrap elementor-element-populated\">\n\t\t\t\t\t\t<div class=\"elementor-element elementor-element-179afcf elementor-widget elementor-widget-heading\" data-id=\"179afcf\" data-element_type=\"widget\" data-e-type=\"widget\" data-widget_type=\"heading.default\">\n\t\t\t\t<div class=\"elementor-widget-container\">\n\t\t\t\t\t<h2 class=\"elementor-heading-title elementor-size-default\">1984 TO 1993: THE CARTIER FOUNDATION<\/h2>\t\t\t\t<\/div>\n\t\t\t\t<\/div>\n\t\t\t\t<div class=\"elementor-element elementor-element-619ea2e elementor-widget elementor-widget-text-editor\" data-id=\"619ea2e\" data-element_type=\"widget\" data-e-type=\"widget\" data-widget_type=\"text-editor.default\">\n\t\t\t\t<div class=\"elementor-widget-container\">\n\t\t\t\t\t\t\t\t\t<p>On October 20, 1984, Cartier inaugurated its Foundation for Contemporary Art in the Domaine du Montcel in the presence of C\u00e9sar and Jack Lang. Inspired by American models. The Foundation was a first in France. The first law on cultural patronage, known as the L\u00e9otard law, had not yet been passed. It had to wait until 1987, and it's clear that the Fondation Cartier was a driving force behind this change in the tax treatment of patronage. The Fondation Cartier was, therefore, no stranger to the proliferation and creation of other foundations in the luxury sector during the same period. <br \/>After its opening, the Fondation Cartier enjoyed media fame: ten years from 1984 to 1993, in which every new exhibition was an event.<br \/>Directed by Marie-Claude Beaud during this golden age, the Foundation organized numerous exhibitions. It installed works of art in the park, including, to name but a few: <i>La Serre<\/i> by Jean-Pierre Raynaud (1985), <i>Six yews<\/i> by Raymond Hains (1986) and the famous <i>Thumb<\/i> and the powerful <i>Venus of Villetaneuse<\/i> by C\u00e9sar.<\/p><p>The Foundation has developed around several values that underpin its actions, and it continues to assert its identity today: innovation and artistic freedom, commitment to contemporary art, support for creation, and collaboration with emerging, avant-garde artists. <br \/>The Fondation Cartier was an art center, not just an exhibition space, but a place where artists could live and work. The artists' studios and residences were located in the Village des Arts; the bunker served as the main exhibition space, and the Ch\u00e2teau housed a large restaurant. For Marie Claude Beaud, living on-site completely changed the dynamic of the place, \"it was a whole informal daily life that was organized at the Foundation .\" HEC students used to come and drink coffee in the Ch\u00e2teau's bar, and pupils from nearby secondary schools would visit the Foundation with their classes.<\/p>\t\t\t\t\t\t\t\t<\/div>\n\t\t\t\t<\/div>\n\t\t\t\t\t<\/div>\n\t\t<\/div>\n\t\t\t\t\t<\/div>\n\t\t<\/section>\n\t\t\t\t<section class=\"elementor-section elementor-top-section elementor-element elementor-element-d806f09 elementor-hidden-tablet elementor-hidden-mobile elementor-section-boxed elementor-section-height-default elementor-section-height-default\" data-id=\"d806f09\" data-element_type=\"section\" data-e-type=\"section\" data-settings=\"{&quot;background_background&quot;:&quot;classic&quot;}\">\n\t\t\t\t\t\t<div class=\"elementor-container elementor-column-gap-no\">\n\t\t\t\t\t<div class=\"elementor-column elementor-col-50 elementor-top-column elementor-element elementor-element-490e0c8\" data-id=\"490e0c8\" data-element_type=\"column\" data-e-type=\"column\" data-settings=\"{&quot;background_background&quot;:&quot;classic&quot;}\">\n\t\t\t<div class=\"elementor-widget-wrap elementor-element-populated\">\n\t\t\t\t\t\t<div class=\"elementor-element elementor-element-8db7d16 elementor-widget elementor-widget-heading\" data-id=\"8db7d16\" data-element_type=\"widget\" data-e-type=\"widget\" data-widget_type=\"heading.default\">\n\t\t\t\t<div class=\"elementor-widget-container\">\n\t\t\t\t\t<h2 class=\"elementor-heading-title elementor-size-default\">1989: A TRIBUTE TO EIFFEL BY C\u00c9SAR<\/h2>\t\t\t\t<\/div>\n\t\t\t\t<\/div>\n\t\t\t\t<div class=\"elementor-element elementor-element-346fc3e elementor-widget elementor-widget-text-editor\" data-id=\"346fc3e\" data-element_type=\"widget\" data-e-type=\"widget\" data-widget_type=\"text-editor.default\">\n\t\t\t\t<div class=\"elementor-widget-container\">\n\t\t\t\t\t\t\t\t\t<p>The Fondation Cartier's inaugural exhibition is dedicated to the contemporary artist C\u00e9sar, who was made Commandeur des Arts et Lettres the same year. <br \/>It was against this backdrop that the artist undertook the creation of his <i>Tribute to Eiffel<\/i>, a giant 18-meter-high slab, with the cooperation of his assistants Jean-Fran\u00e7ois Duffau and Christian Debout \"Les Fers de C\u00e9sar,\" a work destined for the grounds of the Fondation Cartier Ch\u00e2teau.<br \/>It is made from beams taken from the Eiffel Tower lightening operation. More precisely, the materials used were partly taken from fragments of an Eiffel Tower staircase dismantled during the work. These fragments, purchased in 1983, are assembled in a vast tangle.<br \/>In 1989, the monumental sculpture was completed and inaugurated with great fanfare, performances, and fireworks in the Foundation's garden. A 6-meter-high plaque using the same elements as the Eiffel Tower was installed at Yoshii Foundation Park in Japan the same year. C\u00e9sar's work at Jouy en Josas thus has a little sister on the other side of the world, in Japan.\u00a0<br \/>Of the monumental sculptures installed in the park since the early 1980s, only Arman's Long-Term Parking and C\u00e9sar's Tribute to Eiffel remain.\u00a0<i>Long Term Parking<\/i>\u00a0and the<i>Tribute to Eiffel<\/i> of Caesar.<\/p>\t\t\t\t\t\t\t\t<\/div>\n\t\t\t\t<\/div>\n\t\t\t\t\t<\/div>\n\t\t<\/div>\n\t\t\t\t<div class=\"elementor-column elementor-col-50 elementor-top-column elementor-element elementor-element-7a626a8\" data-id=\"7a626a8\" data-element_type=\"column\" data-e-type=\"column\" data-settings=\"{&quot;background_background&quot;:&quot;classic&quot;}\">\n\t\t\t<div class=\"elementor-widget-wrap elementor-element-populated\">\n\t\t\t\t\t\t<div class=\"elementor-element elementor-element-210f577 elementor-widget elementor-widget-image\" data-id=\"210f577\" data-element_type=\"widget\" data-e-type=\"widget\" data-widget_type=\"image.default\">\n\t\t\t\t<div class=\"elementor-widget-container\">\n\t\t\t\t\t\t\t\t\t\t\t\t\t\t\t<img loading=\"lazy\" decoding=\"async\" width=\"800\" height=\"671\" src=\"https:\/\/www.dolcehotelversailles.com\/wp-content\/uploads\/2025\/10\/Design-sans-titre-21.png\" class=\"attachment-large size-large wp-image-11876\" alt=\"\" srcset=\"https:\/\/www.dolcehotelversailles.com\/wp-content\/uploads\/2025\/10\/Design-sans-titre-21.png 940w, https:\/\/www.dolcehotelversailles.com\/wp-content\/uploads\/2025\/10\/Design-sans-titre-21-300x251.png 300w, https:\/\/www.dolcehotelversailles.com\/wp-content\/uploads\/2025\/10\/Design-sans-titre-21-768x644.png 768w, https:\/\/www.dolcehotelversailles.com\/wp-content\/uploads\/2025\/10\/Design-sans-titre-21-14x12.png 14w\" sizes=\"(max-width: 800px) 100vw, 800px\" title=\"\">\t\t\t\t\t\t\t\t\t\t\t\t\t\t\t<\/div>\n\t\t\t\t<\/div>\n\t\t\t\t\t<\/div>\n\t\t<\/div>\n\t\t\t\t\t<\/div>\n\t\t<\/section>\n\t\t\t\t<section class=\"elementor-section elementor-top-section elementor-element elementor-element-fe90751 elementor-hidden-tablet elementor-hidden-mobile elementor-section-boxed elementor-section-height-default elementor-section-height-default\" data-id=\"fe90751\" data-element_type=\"section\" data-e-type=\"section\" data-settings=\"{&quot;background_background&quot;:&quot;classic&quot;}\">\n\t\t\t\t\t\t<div class=\"elementor-container elementor-column-gap-no\">\n\t\t\t\t\t<div class=\"elementor-column elementor-col-50 elementor-top-column elementor-element elementor-element-cad97a4\" data-id=\"cad97a4\" data-element_type=\"column\" data-e-type=\"column\" data-settings=\"{&quot;background_background&quot;:&quot;classic&quot;}\">\n\t\t\t<div class=\"elementor-widget-wrap elementor-element-populated\">\n\t\t\t\t\t\t<div class=\"elementor-element elementor-element-6e1520b elementor-widget elementor-widget-image\" data-id=\"6e1520b\" data-element_type=\"widget\" data-e-type=\"widget\" data-widget_type=\"image.default\">\n\t\t\t\t<div class=\"elementor-widget-container\">\n\t\t\t\t\t\t\t\t\t\t\t\t\t\t\t<img loading=\"lazy\" decoding=\"async\" width=\"557\" height=\"1024\" src=\"https:\/\/www.dolcehotelversailles.com\/wp-content\/uploads\/2023\/06\/14_Vue-aerienne-2012-557x1024.jpg\" class=\"attachment-large size-large wp-image-4364\" alt=\"Aerial view 2012 - chateau Hotel Yvelines\" srcset=\"https:\/\/www.dolcehotelversailles.com\/wp-content\/uploads\/2023\/06\/14_Vue-aerienne-2012-557x1024.jpg 557w, https:\/\/www.dolcehotelversailles.com\/wp-content\/uploads\/2023\/06\/14_Vue-aerienne-2012-163x300.jpg 163w, https:\/\/www.dolcehotelversailles.com\/wp-content\/uploads\/2023\/06\/14_Vue-aerienne-2012-768x1412.jpg 768w, https:\/\/www.dolcehotelversailles.com\/wp-content\/uploads\/2023\/06\/14_Vue-aerienne-2012-835x1536.jpg 835w, https:\/\/www.dolcehotelversailles.com\/wp-content\/uploads\/2023\/06\/14_Vue-aerienne-2012-1114x2048.jpg 1114w, https:\/\/www.dolcehotelversailles.com\/wp-content\/uploads\/2023\/06\/14_Vue-aerienne-2012-7x12.jpg 7w, https:\/\/www.dolcehotelversailles.com\/wp-content\/uploads\/2023\/06\/14_Vue-aerienne-2012.jpg 1200w\" sizes=\"(max-width: 557px) 100vw, 557px\" title=\"\">\t\t\t\t\t\t\t\t\t\t\t\t\t\t\t<\/div>\n\t\t\t\t<\/div>\n\t\t\t\t\t<\/div>\n\t\t<\/div>\n\t\t\t\t<div class=\"elementor-column elementor-col-50 elementor-top-column elementor-element elementor-element-ec9735f\" data-id=\"ec9735f\" data-element_type=\"column\" data-e-type=\"column\" data-settings=\"{&quot;background_background&quot;:&quot;classic&quot;}\">\n\t\t\t<div class=\"elementor-widget-wrap elementor-element-populated\">\n\t\t\t\t\t\t<div class=\"elementor-element elementor-element-14308c0 elementor-widget elementor-widget-heading\" data-id=\"14308c0\" data-element_type=\"widget\" data-e-type=\"widget\" data-widget_type=\"heading.default\">\n\t\t\t\t<div class=\"elementor-widget-container\">\n\t\t\t\t\t<h2 class=\"elementor-heading-title elementor-size-default\">2013: ACQUISITION BY THE ACAPACE GROUP<\/h2>\t\t\t\t<\/div>\n\t\t\t\t<\/div>\n\t\t\t\t<div class=\"elementor-element elementor-element-f83c6a0 elementor-widget elementor-widget-text-editor\" data-id=\"f83c6a0\" data-element_type=\"widget\" data-e-type=\"widget\" data-widget_type=\"text-editor.default\">\n\t\t\t\t<div class=\"elementor-widget-container\">\n\t\t\t\t\t\t\t\t\t<p>ACAPACE, in partnership with Sofival, acquires the exceptional Domaine du Montcel site to create an upscale hotel and seminar facility in this inspiring haven of greenery. The Management of this resort-hotel-conference center has been entrusted to the American hotel group WYNDHAM (4th largest hotel operator worldwide) under its DOLCE brand.<\/p><p>This complex operation involved a combination of major renovation work on the Ch\u00e2teau, Chalet and village sections - in order to recapture the Oberkampf-Mallet spirit of the early 19th century - and new construction on a magnificent, particularly extensive 'listed' site. In fact, the estate still contains some very interesting pieces of architecture, such as the Chalet in the style of a Second Empire bourgeois residence.<\/p><p>The project philosophy respects the landscape composition conceived by architect Thomas Blaikie. There's only one way to achieve this: to go back to the sources, archives, and documents of the period that are still available. Among the most valuable sources are King Louis XVI's hunting maps, which extend as far as Jouy-en-Josas.<\/p><p>So, the project to redevelop the site as an accommodation, seminar, and fitness center makes sense, as the Domaine immediately evokes a sense of calm and rest for visitors - making it a perfect place to concentrate and learn.<br \/>It's not usually the case that guests use hotel outdoor spaces. At the Dolce by Wyndham Versailles, everything is done to ensure that future guests can enjoy the Domaine du Montcel's outdoor spaces: the idea is to recreate and redesign the old paths through the park and woods to host magnificent receptions.<\/p>\t\t\t\t\t\t\t\t<\/div>\n\t\t\t\t<\/div>\n\t\t\t\t\t<\/div>\n\t\t<\/div>\n\t\t\t\t\t<\/div>\n\t\t<\/section>\n\t\t\t\t<section class=\"elementor-section elementor-top-section elementor-element elementor-element-a9eaf87 elementor-section-full_width elementor-hidden-desktop elementor-hidden-laptop elementor-section-height-default elementor-section-height-default\" data-id=\"a9eaf87\" data-element_type=\"section\" data-e-type=\"section\" data-settings=\"{&quot;background_background&quot;:&quot;classic&quot;}\">\n\t\t\t\t\t\t<div class=\"elementor-container elementor-column-gap-no\">\n\t\t\t\t\t<div class=\"elementor-column elementor-col-100 elementor-top-column elementor-element elementor-element-c26dbf1\" data-id=\"c26dbf1\" data-element_type=\"column\" data-e-type=\"column\">\n\t\t\t<div class=\"elementor-widget-wrap elementor-element-populated\">\n\t\t\t\t\t\t<section class=\"elementor-section elementor-inner-section elementor-element elementor-element-8caaa1c elementor-reverse-tablet elementor-section-boxed elementor-section-height-default elementor-section-height-default\" data-id=\"8caaa1c\" data-element_type=\"section\" data-e-type=\"section\" data-settings=\"{&quot;background_background&quot;:&quot;classic&quot;}\">\n\t\t\t\t\t\t<div class=\"elementor-container elementor-column-gap-no\">\n\t\t\t\t\t<div class=\"elementor-column elementor-col-33 elementor-inner-column elementor-element elementor-element-058e8c9\" data-id=\"058e8c9\" data-element_type=\"column\" data-e-type=\"column\">\n\t\t\t<div class=\"elementor-widget-wrap elementor-element-populated\">\n\t\t\t\t\t\t<div class=\"elementor-element elementor-element-fb992ce elementor-widget elementor-widget-image\" data-id=\"fb992ce\" data-element_type=\"widget\" data-e-type=\"widget\" data-widget_type=\"image.default\">\n\t\t\t\t<div class=\"elementor-widget-container\">\n\t\t\t\t\t\t\t\t\t\t\t\t\t\t\t<img fetchpriority=\"high\" decoding=\"async\" width=\"800\" height=\"534\" src=\"https:\/\/www.dolcehotelversailles.com\/wp-content\/uploads\/2023\/03\/iStock-1414825629-1024x683.jpg\" class=\"attachment-large size-large wp-image-107\" alt=\"all\u00e9e d&#039;arbre - luxury hotel versailles\" srcset=\"https:\/\/www.dolcehotelversailles.com\/wp-content\/uploads\/2023\/03\/iStock-1414825629-1024x683.jpg 1024w, https:\/\/www.dolcehotelversailles.com\/wp-content\/uploads\/2023\/03\/iStock-1414825629-300x200.jpg 300w, https:\/\/www.dolcehotelversailles.com\/wp-content\/uploads\/2023\/03\/iStock-1414825629-768x512.jpg 768w, https:\/\/www.dolcehotelversailles.com\/wp-content\/uploads\/2023\/03\/iStock-1414825629-1536x1024.jpg 1536w, https:\/\/www.dolcehotelversailles.com\/wp-content\/uploads\/2023\/03\/iStock-1414825629-2048x1365.jpg 2048w\" sizes=\"(max-width: 800px) 100vw, 800px\" title=\"\">\t\t\t\t\t\t\t\t\t\t\t\t\t\t\t<\/div>\n\t\t\t\t<\/div>\n\t\t\t\t\t<\/div>\n\t\t<\/div>\n\t\t\t\t<div class=\"elementor-column elementor-col-66 elementor-inner-column elementor-element elementor-element-5fab5b4\" data-id=\"5fab5b4\" data-element_type=\"column\" data-e-type=\"column\" data-settings=\"{&quot;background_background&quot;:&quot;classic&quot;}\">\n\t\t\t<div class=\"elementor-widget-wrap elementor-element-populated\">\n\t\t\t\t\t<div class=\"elementor-background-overlay\"><\/div>\n\t\t\t\t\t\t<div class=\"elementor-element elementor-element-4eb665d elementor-widget elementor-widget-heading\" data-id=\"4eb665d\" data-element_type=\"widget\" data-e-type=\"widget\" data-widget_type=\"heading.default\">\n\t\t\t\t<div class=\"elementor-widget-container\">\n\t\t\t\t\t<h2 class=\"elementor-heading-title elementor-size-default\">A PLACE STEEPED IN HISTORY<\/h2>\t\t\t\t<\/div>\n\t\t\t\t<\/div>\n\t\t\t\t<div class=\"elementor-element elementor-element-1d39bc1 elementor-widget elementor-widget-text-editor\" data-id=\"1d39bc1\" data-element_type=\"widget\" data-e-type=\"widget\" data-widget_type=\"text-editor.default\">\n\t\t\t\t<div class=\"elementor-widget-container\">\n\t\t\t\t\t\t\t\t\t<p data-start=\"109\" data-end=\"429\">Before becoming the <span data-start=\"129\" data-end=\"146\">the hotel<\/span> as it is today, the <span data-start=\"173\" data-end=\"195\">Domaine du Montcel<\/span> and its <span data-start=\"203\" data-end=\"233\">14 hectares of wooded parkland<\/span> have stood the test of time.<\/p><p data-start=\"109\" data-end=\"429\">A private residence, a secondary school, the headquarters of the German Air Force, then a mecca for contemporary art: the estate has seen many lives and transformations.<\/p><p data-start=\"109\" data-end=\"429\">Today, the Domaine du Montcel draws its inspiration from this prestigious heritage. <span data-start=\"607\" data-end=\"631\">a taste for excellence<\/span> and its <span data-start=\"639\" data-end=\"670\">French art of living<\/span>.<\/p>\t\t\t\t\t\t\t\t<\/div>\n\t\t\t\t<\/div>\n\t\t\t\t\t<\/div>\n\t\t<\/div>\n\t\t\t\t\t<\/div>\n\t\t<\/section>\n\t\t\t\t<section class=\"elementor-section elementor-inner-section elementor-element elementor-element-12b56ae elementor-reverse-tablet elementor-section-boxed elementor-section-height-default elementor-section-height-default\" data-id=\"12b56ae\" data-element_type=\"section\" data-e-type=\"section\" data-settings=\"{&quot;background_background&quot;:&quot;classic&quot;}\">\n\t\t\t\t\t\t<div class=\"elementor-container elementor-column-gap-no\">\n\t\t\t\t\t<div class=\"elementor-column elementor-col-33 elementor-inner-column elementor-element elementor-element-d3ad30b\" data-id=\"d3ad30b\" data-element_type=\"column\" data-e-type=\"column\">\n\t\t\t<div class=\"elementor-widget-wrap elementor-element-populated\">\n\t\t\t\t\t\t<div class=\"elementor-element elementor-element-63b7ca3 elementor-widget elementor-widget-image\" data-id=\"63b7ca3\" data-element_type=\"widget\" data-e-type=\"widget\" data-widget_type=\"image.default\">\n\t\t\t\t<div class=\"elementor-widget-container\">\n\t\t\t\t\t\t\t\t\t\t\t\t\t\t\t<img loading=\"lazy\" decoding=\"async\" width=\"800\" height=\"801\" src=\"https:\/\/www.dolcehotelversailles.com\/wp-content\/uploads\/2023\/06\/1_IX-AU-XVIIeme-siecle_Carte_Troussu-Terrier-de-la-seigneurie-de-Jouy-1765.jpg\" class=\"attachment-large size-large wp-image-4356\" alt=\"Castle map - chateau Hotel Yvelines\" srcset=\"https:\/\/www.dolcehotelversailles.com\/wp-content\/uploads\/2023\/06\/1_IX-AU-XVIIeme-siecle_Carte_Troussu-Terrier-de-la-seigneurie-de-Jouy-1765.jpg 821w, https:\/\/www.dolcehotelversailles.com\/wp-content\/uploads\/2023\/06\/1_IX-AU-XVIIeme-siecle_Carte_Troussu-Terrier-de-la-seigneurie-de-Jouy-1765-300x300.jpg 300w, https:\/\/www.dolcehotelversailles.com\/wp-content\/uploads\/2023\/06\/1_IX-AU-XVIIeme-siecle_Carte_Troussu-Terrier-de-la-seigneurie-de-Jouy-1765-150x150.jpg 150w, https:\/\/www.dolcehotelversailles.com\/wp-content\/uploads\/2023\/06\/1_IX-AU-XVIIeme-siecle_Carte_Troussu-Terrier-de-la-seigneurie-de-Jouy-1765-768x769.jpg 768w, https:\/\/www.dolcehotelversailles.com\/wp-content\/uploads\/2023\/06\/1_IX-AU-XVIIeme-siecle_Carte_Troussu-Terrier-de-la-seigneurie-de-Jouy-1765-12x12.jpg 12w\" sizes=\"(max-width: 800px) 100vw, 800px\" title=\"\">\t\t\t\t\t\t\t\t\t\t\t\t\t\t\t<\/div>\n\t\t\t\t<\/div>\n\t\t\t\t\t<\/div>\n\t\t<\/div>\n\t\t\t\t<div class=\"elementor-column elementor-col-66 elementor-inner-column elementor-element elementor-element-d93d8f4\" data-id=\"d93d8f4\" data-element_type=\"column\" data-e-type=\"column\" data-settings=\"{&quot;background_background&quot;:&quot;classic&quot;}\">\n\t\t\t<div class=\"elementor-widget-wrap elementor-element-populated\">\n\t\t\t\t\t<div class=\"elementor-background-overlay\"><\/div>\n\t\t\t\t\t\t<div class=\"elementor-element elementor-element-e140bb4 elementor-widget elementor-widget-heading\" data-id=\"e140bb4\" data-element_type=\"widget\" data-e-type=\"widget\" data-widget_type=\"heading.default\">\n\t\t\t\t<div class=\"elementor-widget-container\">\n\t\t\t\t\t<h2 class=\"elementor-heading-title elementor-size-default\">FROM THE NINTH TO THE SEVENTEENTH CENTURY : THE ORIGINS<\/h2>\t\t\t\t<\/div>\n\t\t\t\t<\/div>\n\t\t\t\t<div class=\"elementor-element elementor-element-0b7e6ff elementor-widget elementor-widget-text-editor\" data-id=\"0b7e6ff\" data-element_type=\"widget\" data-e-type=\"widget\" data-widget_type=\"text-editor.default\">\n\t\t\t\t<div class=\"elementor-widget-container\">\n\t\t\t\t\t\t\t\t\t<p data-start=\"109\" data-end=\"429\"><span style=\"font-weight: 400;\">A dependency of the Abbey of Saint-Germain-des-Pr\u00e9s. Established as a seigneury, the estate was known alternately as \"du Moucet\" and \"La Croix\" before the name \"Montcel\" became established. The abbey monks ceded the estate to Fran\u00e7ois d'Escoubleau de Sourdis, squire to the King. His son Charles d'Escoubleau became the first lord of Le Montcel.\u00a0 <\/span><span style=\"font-weight: 400;\">The monks of the abbey ceded the estate to Fran\u00e7ois d'Escoubleau de Sourdis, squire to the King. His son Charles d'Escoubleau became the first Lord of Le Montcel.<\/span><\/p>\t\t\t\t\t\t\t\t<\/div>\n\t\t\t\t<\/div>\n\t\t\t\t\t<\/div>\n\t\t<\/div>\n\t\t\t\t\t<\/div>\n\t\t<\/section>\n\t\t\t\t<section class=\"elementor-section elementor-inner-section elementor-element elementor-element-53c399b elementor-reverse-tablet elementor-section-boxed elementor-section-height-default elementor-section-height-default\" data-id=\"53c399b\" data-element_type=\"section\" data-e-type=\"section\" data-settings=\"{&quot;background_background&quot;:&quot;classic&quot;}\">\n\t\t\t\t\t\t<div class=\"elementor-container elementor-column-gap-no\">\n\t\t\t\t\t<div class=\"elementor-column elementor-col-33 elementor-inner-column elementor-element elementor-element-8f5ebfa\" data-id=\"8f5ebfa\" data-element_type=\"column\" data-e-type=\"column\">\n\t\t\t<div class=\"elementor-widget-wrap elementor-element-populated\">\n\t\t\t\t\t\t<div class=\"elementor-element elementor-element-b5eb80d elementor-widget elementor-widget-image\" data-id=\"b5eb80d\" data-element_type=\"widget\" data-e-type=\"widget\" data-widget_type=\"image.default\">\n\t\t\t\t<div class=\"elementor-widget-container\">\n\t\t\t\t\t\t\t\t\t\t\t\t\t\t\t<img decoding=\"async\" width=\"525\" height=\"367\" src=\"https:\/\/www.dolcehotelversailles.com\/wp-content\/uploads\/2023\/06\/2_XVIIIeme-siecle_Vue-de-la-Manufacture-de-Jouy-en-Josas-avec-le-Chateau-du-Montcel-en-arriere-plan-1819-lithographie-sur-papier.jpg\" class=\"attachment-large size-large wp-image-4355\" alt=\"View of the Chateau du Montcel in the background - chateau hotel Yvelines\" srcset=\"https:\/\/www.dolcehotelversailles.com\/wp-content\/uploads\/2023\/06\/2_XVIIIeme-siecle_Vue-de-la-Manufacture-de-Jouy-en-Josas-avec-le-Chateau-du-Montcel-en-arriere-plan-1819-lithographie-sur-papier.jpg 525w, https:\/\/www.dolcehotelversailles.com\/wp-content\/uploads\/2023\/06\/2_XVIIIeme-siecle_Vue-de-la-Manufacture-de-Jouy-en-Josas-avec-le-Chateau-du-Montcel-en-arriere-plan-1819-lithographie-sur-papier-300x210.jpg 300w, https:\/\/www.dolcehotelversailles.com\/wp-content\/uploads\/2023\/06\/2_XVIIIeme-siecle_Vue-de-la-Manufacture-de-Jouy-en-Josas-avec-le-Chateau-du-Montcel-en-arriere-plan-1819-lithographie-sur-papier-18x12.jpg 18w\" sizes=\"(max-width: 525px) 100vw, 525px\" title=\"\">\t\t\t\t\t\t\t\t\t\t\t\t\t\t\t<\/div>\n\t\t\t\t<\/div>\n\t\t\t\t\t<\/div>\n\t\t<\/div>\n\t\t\t\t<div class=\"elementor-column elementor-col-66 elementor-inner-column elementor-element elementor-element-e8be7da\" data-id=\"e8be7da\" data-element_type=\"column\" data-e-type=\"column\">\n\t\t\t<div class=\"elementor-widget-wrap elementor-element-populated\">\n\t\t\t\t\t<div class=\"elementor-background-overlay\"><\/div>\n\t\t\t\t\t\t<div class=\"elementor-element elementor-element-35a272d elementor-widget elementor-widget-heading\" data-id=\"35a272d\" data-element_type=\"widget\" data-e-type=\"widget\" data-widget_type=\"heading.default\">\n\t\t\t\t<div class=\"elementor-widget-container\">\n\t\t\t\t\t<h2 class=\"elementor-heading-title elementor-size-default\">EIGHTEENTH CENTURY : BIRTH OF THE DOMAINE DU MONTCEL<\/h2>\t\t\t\t<\/div>\n\t\t\t\t<\/div>\n\t\t\t\t<div class=\"elementor-element elementor-element-93e32c9 elementor-widget elementor-widget-text-editor\" data-id=\"93e32c9\" data-element_type=\"widget\" data-e-type=\"widget\" data-widget_type=\"text-editor.default\">\n\t\t\t\t<div class=\"elementor-widget-container\">\n\t\t\t\t\t\t\t\t\t<p data-start=\"109\" data-end=\"429\">1760 Christophe-Philippe Oberkampf founded the Manufacture Royale des Toiles de Jouy in Jouy en Josas. Here, he developed printing techniques for canvases featuring mythological, pastoral, and gallant scenes and animals from La Fontaine's Fables. This location was not chosen by chance, as it has the advantage of being on the banks of the Bi\u00e8vre, whose water quality is renowned, and in a rural valley where land is available close to Versailles and Paris.<br \/>In 1795, he bought the Domaine du Montcel a few hundred meters away.<br \/>Although the estate had several owners before the Oberkampf family, this illustrious family and their Mallet descendants left an indelible mark on the history of the estate for almost 130 years, from 1795 to 1923.<\/p>\t\t\t\t\t\t\t\t<\/div>\n\t\t\t\t<\/div>\n\t\t\t\t\t<\/div>\n\t\t<\/div>\n\t\t\t\t\t<\/div>\n\t\t<\/section>\n\t\t\t\t<section class=\"elementor-section elementor-inner-section elementor-element elementor-element-1d718e9 elementor-reverse-tablet elementor-section-boxed elementor-section-height-default elementor-section-height-default\" data-id=\"1d718e9\" data-element_type=\"section\" data-e-type=\"section\">\n\t\t\t\t\t\t<div class=\"elementor-container elementor-column-gap-no\">\n\t\t\t\t\t<div class=\"elementor-column elementor-col-50 elementor-inner-column elementor-element elementor-element-90deec7\" data-id=\"90deec7\" data-element_type=\"column\" data-e-type=\"column\">\n\t\t\t<div class=\"elementor-widget-wrap elementor-element-populated\">\n\t\t\t\t\t\t<div class=\"elementor-element elementor-element-40648dd elementor-widget elementor-widget-image\" data-id=\"40648dd\" data-element_type=\"widget\" data-e-type=\"widget\" data-widget_type=\"image.default\">\n\t\t\t\t<div class=\"elementor-widget-container\">\n\t\t\t\t\t\t\t\t\t\t\t\t\t\t\t<img decoding=\"async\" width=\"336\" height=\"480\" src=\"https:\/\/www.dolcehotelversailles.com\/wp-content\/uploads\/2023\/06\/3_De-1795-a-1816_-Christophe-Philippe-Oberkampf.jpg\" class=\"attachment-large size-large wp-image-4354\" alt=\"\" srcset=\"https:\/\/www.dolcehotelversailles.com\/wp-content\/uploads\/2023\/06\/3_De-1795-a-1816_-Christophe-Philippe-Oberkampf.jpg 336w, https:\/\/www.dolcehotelversailles.com\/wp-content\/uploads\/2023\/06\/3_De-1795-a-1816_-Christophe-Philippe-Oberkampf-210x300.jpg 210w, https:\/\/www.dolcehotelversailles.com\/wp-content\/uploads\/2023\/06\/3_De-1795-a-1816_-Christophe-Philippe-Oberkampf-8x12.jpg 8w\" sizes=\"(max-width: 336px) 100vw, 336px\" title=\"\">\t\t\t\t\t\t\t\t\t\t\t\t\t\t\t<\/div>\n\t\t\t\t<\/div>\n\t\t\t\t\t<\/div>\n\t\t<\/div>\n\t\t\t\t<div class=\"elementor-column elementor-col-50 elementor-inner-column elementor-element elementor-element-97c951a\" data-id=\"97c951a\" data-element_type=\"column\" data-e-type=\"column\">\n\t\t\t<div class=\"elementor-widget-wrap elementor-element-populated\">\n\t\t\t\t\t<div class=\"elementor-background-overlay\"><\/div>\n\t\t\t\t\t\t<div class=\"elementor-element elementor-element-ce6e790 elementor-widget-laptop__width-initial elementor-widget-mobile__width-initial elementor-widget elementor-widget-heading\" data-id=\"ce6e790\" data-element_type=\"widget\" data-e-type=\"widget\" data-widget_type=\"heading.default\">\n\t\t\t\t<div class=\"elementor-widget-container\">\n\t\t\t\t\t<h2 class=\"elementor-heading-title elementor-size-default\">FROM 1795 TO 1816: LE MONTCEL UNDER THE OBERKAMPF FAMILY<\/h2>\t\t\t\t<\/div>\n\t\t\t\t<\/div>\n\t\t\t\t<div class=\"elementor-element elementor-element-2d0aaf4 elementor-widget elementor-widget-text-editor\" data-id=\"2d0aaf4\" data-element_type=\"widget\" data-e-type=\"widget\" data-widget_type=\"text-editor.default\">\n\t\t\t\t<div class=\"elementor-widget-container\">\n\t\t\t\t\t\t\t\t\t<p data-start=\"109\" data-end=\"429\">Christophe-Philippe Oberkampf quickly achieved notoriety at the Court of King Louis XVI and internationally thanks to the fame of his paintings. He was even awarded the L\u00e9gion d'honneur by Napoleon in 1806.<\/p><p data-start=\"109\" data-end=\"429\">In 1795, he moved his family to the Domaine du Montcel, which became first and foremost Madame Oberkampf's residence. It is to her, therefore, that we owe the major milestone in its history. Aware that a residence marks the refinement of its owner and promotes the image of his social status, it was to her that we owe the estate's development, embellishment, and construction during this period.<\/p>\t\t\t\t\t\t\t\t<\/div>\n\t\t\t\t<\/div>\n\t\t\t\t\t<\/div>\n\t\t<\/div>\n\t\t\t\t\t<\/div>\n\t\t<\/section>\n\t\t\t\t<section class=\"elementor-section elementor-inner-section elementor-element elementor-element-41c6ab5 elementor-reverse-tablet elementor-section-boxed elementor-section-height-default elementor-section-height-default\" data-id=\"41c6ab5\" data-element_type=\"section\" data-e-type=\"section\">\n\t\t\t\t\t\t<div class=\"elementor-container elementor-column-gap-no\">\n\t\t\t\t\t<div class=\"elementor-column elementor-col-100 elementor-inner-column elementor-element elementor-element-e8a6a1a\" data-id=\"e8a6a1a\" data-element_type=\"column\" data-e-type=\"column\">\n\t\t\t<div class=\"elementor-widget-wrap elementor-element-populated\">\n\t\t\t\t\t\t<section class=\"elementor-section elementor-inner-section elementor-element elementor-element-5a73e97 elementor-reverse-tablet elementor-section-boxed elementor-section-height-default elementor-section-height-default\" data-id=\"5a73e97\" data-element_type=\"section\" data-e-type=\"section\" data-settings=\"{&quot;background_background&quot;:&quot;classic&quot;}\">\n\t\t\t\t\t\t<div class=\"elementor-container elementor-column-gap-no\">\n\t\t\t\t\t<div class=\"elementor-column elementor-col-33 elementor-inner-column elementor-element elementor-element-28a82d7\" data-id=\"28a82d7\" data-element_type=\"column\" data-e-type=\"column\">\n\t\t\t<div class=\"elementor-widget-wrap elementor-element-populated\">\n\t\t\t\t\t\t<div class=\"elementor-element elementor-element-558d5a4 elementor-widget elementor-widget-image\" data-id=\"558d5a4\" data-element_type=\"widget\" data-e-type=\"widget\" data-widget_type=\"image.default\">\n\t\t\t\t<div class=\"elementor-widget-container\">\n\t\t\t\t\t\t\t\t\t\t\t\t\t\t\t<img loading=\"lazy\" decoding=\"async\" width=\"800\" height=\"532\" src=\"https:\/\/www.dolcehotelversailles.com\/wp-content\/uploads\/2023\/06\/6_1816-1923_Le-Montcel-facade-est-vers-1930.jpg\" class=\"attachment-large size-large wp-image-4352\" alt=\"View of the fa\u00e7ade - chateau Hotel Yvelines\" srcset=\"https:\/\/www.dolcehotelversailles.com\/wp-content\/uploads\/2023\/06\/6_1816-1923_Le-Montcel-facade-est-vers-1930.jpg 864w, https:\/\/www.dolcehotelversailles.com\/wp-content\/uploads\/2023\/06\/6_1816-1923_Le-Montcel-facade-est-vers-1930-300x200.jpg 300w, https:\/\/www.dolcehotelversailles.com\/wp-content\/uploads\/2023\/06\/6_1816-1923_Le-Montcel-facade-est-vers-1930-768x511.jpg 768w, https:\/\/www.dolcehotelversailles.com\/wp-content\/uploads\/2023\/06\/6_1816-1923_Le-Montcel-facade-est-vers-1930-18x12.jpg 18w\" sizes=\"(max-width: 800px) 100vw, 800px\" title=\"\">\t\t\t\t\t\t\t\t\t\t\t\t\t\t\t<\/div>\n\t\t\t\t<\/div>\n\t\t\t\t\t<\/div>\n\t\t<\/div>\n\t\t\t\t<div class=\"elementor-column elementor-col-66 elementor-inner-column elementor-element elementor-element-b464159\" data-id=\"b464159\" data-element_type=\"column\" data-e-type=\"column\">\n\t\t\t<div class=\"elementor-widget-wrap elementor-element-populated\">\n\t\t\t\t\t<div class=\"elementor-background-overlay\"><\/div>\n\t\t\t\t\t\t<div class=\"elementor-element elementor-element-0f8d87d elementor-widget-laptop__width-initial elementor-widget-mobile__width-initial elementor-widget elementor-widget-heading\" data-id=\"0f8d87d\" data-element_type=\"widget\" data-e-type=\"widget\" data-widget_type=\"heading.default\">\n\t\t\t\t<div class=\"elementor-widget-container\">\n\t\t\t\t\t<h2 class=\"elementor-heading-title elementor-size-default\">IMPROVEMENTS TO THE CASTLE<\/h2>\t\t\t\t<\/div>\n\t\t\t\t<\/div>\n\t\t\t\t<div class=\"elementor-element elementor-element-56c27e3 elementor-widget elementor-widget-text-editor\" data-id=\"56c27e3\" data-element_type=\"widget\" data-e-type=\"widget\" data-widget_type=\"text-editor.default\">\n\t\t\t\t<div class=\"elementor-widget-container\">\n\t\t\t\t\t\t\t\t\t<p>Madame Oberkampf set about transforming the ch\u00e2teau in the neoclassical style, characterized by sober, elegant features. For example, by building a new northern wing and redesigning the fa\u00e7ade with a new staircase, the ch\u00e2teau acquired the regularity, symmetry, and scale it had lacked. Inside, the Corinthian columns alternating with mirrors create the illusion of an antique portico.<\/p>\t\t\t\t\t\t\t\t<\/div>\n\t\t\t\t<\/div>\n\t\t\t\t\t<\/div>\n\t\t<\/div>\n\t\t\t\t\t<\/div>\n\t\t<\/section>\n\t\t\t\t\t<\/div>\n\t\t<\/div>\n\t\t\t\t\t<\/div>\n\t\t<\/section>\n\t\t\t\t<section class=\"elementor-section elementor-inner-section elementor-element elementor-element-e3bf22e elementor-reverse-tablet elementor-section-boxed elementor-section-height-default elementor-section-height-default\" data-id=\"e3bf22e\" data-element_type=\"section\" data-e-type=\"section\">\n\t\t\t\t\t\t<div class=\"elementor-container elementor-column-gap-no\">\n\t\t\t\t\t<div class=\"elementor-column elementor-col-100 elementor-inner-column elementor-element elementor-element-19f4f70\" data-id=\"19f4f70\" data-element_type=\"column\" data-e-type=\"column\">\n\t\t\t<div class=\"elementor-widget-wrap elementor-element-populated\">\n\t\t\t\t\t\t<section class=\"elementor-section elementor-inner-section elementor-element elementor-element-f8a4112 elementor-reverse-tablet elementor-section-boxed elementor-section-height-default elementor-section-height-default\" data-id=\"f8a4112\" data-element_type=\"section\" data-e-type=\"section\" data-settings=\"{&quot;background_background&quot;:&quot;classic&quot;}\">\n\t\t\t\t\t\t<div class=\"elementor-container elementor-column-gap-no\">\n\t\t\t\t\t<div class=\"elementor-column elementor-col-100 elementor-inner-column elementor-element elementor-element-2fc8f7e\" data-id=\"2fc8f7e\" data-element_type=\"column\" data-e-type=\"column\">\n\t\t\t<div class=\"elementor-widget-wrap elementor-element-populated\">\n\t\t\t\t\t<div class=\"elementor-background-overlay\"><\/div>\n\t\t\t\t\t\t<div class=\"elementor-element elementor-element-03d8aee elementor-widget elementor-widget-image\" data-id=\"03d8aee\" data-element_type=\"widget\" data-e-type=\"widget\" data-widget_type=\"image.default\">\n\t\t\t\t<div class=\"elementor-widget-container\">\n\t\t\t\t\t\t\t\t\t\t\t\t\t\t\t<img loading=\"lazy\" decoding=\"async\" width=\"756\" height=\"1024\" src=\"https:\/\/www.dolcehotelversailles.com\/wp-content\/uploads\/2023\/05\/Vue-du-village-de-Jouy-pris-du-parc-du-Montccel-vers-1819-Dessin-au-lavis-d_Amelie-Mallet-Oberkampf-756x1024.jpg\" class=\"attachment-large size-large wp-image-3880\" alt=\"\" srcset=\"https:\/\/www.dolcehotelversailles.com\/wp-content\/uploads\/2023\/05\/Vue-du-village-de-Jouy-pris-du-parc-du-Montccel-vers-1819-Dessin-au-lavis-d_Amelie-Mallet-Oberkampf-756x1024.jpg 756w, https:\/\/www.dolcehotelversailles.com\/wp-content\/uploads\/2023\/05\/Vue-du-village-de-Jouy-pris-du-parc-du-Montccel-vers-1819-Dessin-au-lavis-d_Amelie-Mallet-Oberkampf-221x300.jpg 221w, https:\/\/www.dolcehotelversailles.com\/wp-content\/uploads\/2023\/05\/Vue-du-village-de-Jouy-pris-du-parc-du-Montccel-vers-1819-Dessin-au-lavis-d_Amelie-Mallet-Oberkampf-768x1040.jpg 768w, https:\/\/www.dolcehotelversailles.com\/wp-content\/uploads\/2023\/05\/Vue-du-village-de-Jouy-pris-du-parc-du-Montccel-vers-1819-Dessin-au-lavis-d_Amelie-Mallet-Oberkampf-9x12.jpg 9w, https:\/\/www.dolcehotelversailles.com\/wp-content\/uploads\/2023\/05\/Vue-du-village-de-Jouy-pris-du-parc-du-Montccel-vers-1819-Dessin-au-lavis-d_Amelie-Mallet-Oberkampf.jpg 1010w\" sizes=\"(max-width: 756px) 100vw, 756px\" title=\"\">\t\t\t\t\t\t\t\t\t\t\t\t\t\t\t<\/div>\n\t\t\t\t<\/div>\n\t\t\t\t<div class=\"elementor-element elementor-element-60e4556 elementor-widget-laptop__width-initial elementor-widget-mobile__width-initial elementor-widget elementor-widget-heading\" data-id=\"60e4556\" data-element_type=\"widget\" data-e-type=\"widget\" data-widget_type=\"heading.default\">\n\t\t\t\t<div class=\"elementor-widget-container\">\n\t\t\t\t\t<h2 class=\"elementor-heading-title elementor-size-default\">IMPROVEMENTS TO THE PARK<\/h2>\t\t\t\t<\/div>\n\t\t\t\t<\/div>\n\t\t\t\t<div class=\"elementor-element elementor-element-129c350 elementor-widget elementor-widget-text-editor\" data-id=\"129c350\" data-element_type=\"widget\" data-e-type=\"widget\" data-widget_type=\"text-editor.default\">\n\t\t\t\t<div class=\"elementor-widget-container\">\n\t\t\t\t\t\t\t\t\t<p>Madame Oberkampf recovered a park with traditional French-style regular gardens, such as those found on the grounds of the Ch\u00e2teau de Versailles. However, the Petit Trianon at Versailles began to evolve with the implementation of Marie-Antoinette's English garden, created in 1775 by Richard Mique.<\/p><p>This craze for English-style gardens, also known as \"picturesque gardens\" or \"landscape gardens,\" saw the triumph of irregularity over symmetry and geometry. <br \/>Madame Oberkampf, therefore, chose to transform the park, where nature is both constrained and organized, into something decidedly more fashionable and entrusted the project to one of the most famous Scottish landscape architects of his time, Thomas Blaikie, between 1806 and 1808.<\/p><p>The main elements of its design are the English river, a pond, and its small island, adjoined by two rustic bridges, the grotto, winding paths, and meadows of fruit trees.<br \/>The garden has been designed as a sensory and sentimental journey, with unexpected paths leading the way, creating a sense of surprise but also conducive to reverie, wonder, contemplation and melancholy, like a modern Arcadia.<\/p>\t\t\t\t\t\t\t\t<\/div>\n\t\t\t\t<\/div>\n\t\t\t\t\t<\/div>\n\t\t<\/div>\n\t\t\t\t\t<\/div>\n\t\t<\/section>\n\t\t\t\t\t<\/div>\n\t\t<\/div>\n\t\t\t\t\t<\/div>\n\t\t<\/section>\n\t\t\t\t<section class=\"elementor-section elementor-inner-section elementor-element elementor-element-0db511a elementor-reverse-tablet elementor-section-boxed elementor-section-height-default elementor-section-height-default\" data-id=\"0db511a\" data-element_type=\"section\" data-e-type=\"section\">\n\t\t\t\t\t\t<div class=\"elementor-container elementor-column-gap-no\">\n\t\t\t\t\t<div class=\"elementor-column elementor-col-100 elementor-inner-column elementor-element elementor-element-721731d\" data-id=\"721731d\" data-element_type=\"column\" data-e-type=\"column\">\n\t\t\t<div class=\"elementor-widget-wrap elementor-element-populated\">\n\t\t\t\t\t<div class=\"elementor-background-overlay\"><\/div>\n\t\t\t\t\t\t<section class=\"elementor-section elementor-inner-section elementor-element elementor-element-10bf878 elementor-reverse-tablet elementor-section-boxed elementor-section-height-default elementor-section-height-default\" data-id=\"10bf878\" data-element_type=\"section\" data-e-type=\"section\" data-settings=\"{&quot;background_background&quot;:&quot;classic&quot;}\">\n\t\t\t\t\t\t<div class=\"elementor-container elementor-column-gap-no\">\n\t\t\t\t\t<div class=\"elementor-column elementor-col-33 elementor-inner-column elementor-element elementor-element-746bf38\" data-id=\"746bf38\" data-element_type=\"column\" data-e-type=\"column\">\n\t\t\t<div class=\"elementor-widget-wrap elementor-element-populated\">\n\t\t\t\t\t\t<div class=\"elementor-element elementor-element-8e6be1d elementor-widget elementor-widget-image\" data-id=\"8e6be1d\" data-element_type=\"widget\" data-e-type=\"widget\" data-widget_type=\"image.default\">\n\t\t\t\t<div class=\"elementor-widget-container\">\n\t\t\t\t\t\t\t\t\t\t\t\t\t\t\t<img loading=\"lazy\" decoding=\"async\" width=\"800\" height=\"526\" src=\"https:\/\/www.dolcehotelversailles.com\/wp-content\/uploads\/2023\/06\/Carrousel_Le-Chalet-et-le-chateau-du-Montcel-facade-ouest-vers-1930.jpg\" class=\"attachment-large size-large wp-image-4458\" alt=\"The chalet on the west side - chateau Hotel Yvelines\" srcset=\"https:\/\/www.dolcehotelversailles.com\/wp-content\/uploads\/2023\/06\/Carrousel_Le-Chalet-et-le-chateau-du-Montcel-facade-ouest-vers-1930.jpg 864w, https:\/\/www.dolcehotelversailles.com\/wp-content\/uploads\/2023\/06\/Carrousel_Le-Chalet-et-le-chateau-du-Montcel-facade-ouest-vers-1930-300x197.jpg 300w, https:\/\/www.dolcehotelversailles.com\/wp-content\/uploads\/2023\/06\/Carrousel_Le-Chalet-et-le-chateau-du-Montcel-facade-ouest-vers-1930-768x505.jpg 768w, https:\/\/www.dolcehotelversailles.com\/wp-content\/uploads\/2023\/06\/Carrousel_Le-Chalet-et-le-chateau-du-Montcel-facade-ouest-vers-1930-18x12.jpg 18w\" sizes=\"(max-width: 800px) 100vw, 800px\" title=\"\">\t\t\t\t\t\t\t\t\t\t\t\t\t\t\t<\/div>\n\t\t\t\t<\/div>\n\t\t\t\t\t<\/div>\n\t\t<\/div>\n\t\t\t\t<div class=\"elementor-column elementor-col-66 elementor-inner-column elementor-element elementor-element-29eabfa\" data-id=\"29eabfa\" data-element_type=\"column\" data-e-type=\"column\">\n\t\t\t<div class=\"elementor-widget-wrap elementor-element-populated\">\n\t\t\t\t\t<div class=\"elementor-background-overlay\"><\/div>\n\t\t\t\t\t\t<div class=\"elementor-element elementor-element-374bc32 elementor-widget-laptop__width-initial elementor-widget-mobile__width-initial elementor-widget elementor-widget-heading\" data-id=\"374bc32\" data-element_type=\"widget\" data-e-type=\"widget\" data-widget_type=\"heading.default\">\n\t\t\t\t<div class=\"elementor-widget-container\">\n\t\t\t\t\t<h2 class=\"elementor-heading-title elementor-size-default\">FROM 1816 TO 1923: MONTCEL UNDER THE MALLETS<\/h2>\t\t\t\t<\/div>\n\t\t\t\t<\/div>\n\t\t\t\t<div class=\"elementor-element elementor-element-8373e33 elementor-widget elementor-widget-text-editor\" data-id=\"8373e33\" data-element_type=\"widget\" data-e-type=\"widget\" data-widget_type=\"text-editor.default\">\n\t\t\t\t<div class=\"elementor-widget-container\">\n\t\t\t\t\t\t\t\t\t<p>When Madame Oberkampf died on December 9, 1816, her daughter Emilie, wife of banker Louis-Jules Mallet (brother of James Mallet, First Baron Mallet de Chalmassy), then their son Henri and grandson Fr\u00e9d\u00e9ric inherited the estate.<\/p><p>Between 1860 and 1870, several contemporary buildings were completed: the house known as \"le Chalet\" to the north of the Ch\u00e2teau and the \"Maison du gardien\" at the entrance to the estate.<br \/>Finally, it is assumed that it was at this time that the English river, at the edge of the outbuildings, was filled in, and the entrance to the estate was moved to the south-west corner of the plot, where rue du Montcel meets rue de la Manufacture des Toiles de Jouy.<\/p>\t\t\t\t\t\t\t\t<\/div>\n\t\t\t\t<\/div>\n\t\t\t\t\t<\/div>\n\t\t<\/div>\n\t\t\t\t\t<\/div>\n\t\t<\/section>\n\t\t\t\t\t<\/div>\n\t\t<\/div>\n\t\t\t\t\t<\/div>\n\t\t<\/section>\n\t\t\t\t<section class=\"elementor-section elementor-inner-section elementor-element elementor-element-b055dcf elementor-reverse-tablet elementor-section-boxed elementor-section-height-default elementor-section-height-default\" data-id=\"b055dcf\" data-element_type=\"section\" data-e-type=\"section\">\n\t\t\t\t\t\t<div class=\"elementor-container elementor-column-gap-no\">\n\t\t\t\t\t<div class=\"elementor-column elementor-col-100 elementor-inner-column elementor-element elementor-element-72dc05d\" data-id=\"72dc05d\" data-element_type=\"column\" data-e-type=\"column\">\n\t\t\t<div class=\"elementor-widget-wrap elementor-element-populated\">\n\t\t\t\t\t<div class=\"elementor-background-overlay\"><\/div>\n\t\t\t\t\t\t<section class=\"elementor-section elementor-inner-section elementor-element elementor-element-78a7a31 elementor-reverse-tablet elementor-section-boxed elementor-section-height-default elementor-section-height-default\" data-id=\"78a7a31\" data-element_type=\"section\" data-e-type=\"section\" data-settings=\"{&quot;background_background&quot;:&quot;classic&quot;}\">\n\t\t\t\t\t\t<div class=\"elementor-container elementor-column-gap-no\">\n\t\t\t\t\t<div class=\"elementor-column elementor-col-66 elementor-inner-column elementor-element elementor-element-ae17794\" data-id=\"ae17794\" data-element_type=\"column\" data-e-type=\"column\">\n\t\t\t<div class=\"elementor-widget-wrap elementor-element-populated\">\n\t\t\t\t\t<div class=\"elementor-background-overlay\"><\/div>\n\t\t\t\t\t\t<div class=\"elementor-element elementor-element-490a3e5 elementor-widget elementor-widget-image\" data-id=\"490a3e5\" data-element_type=\"widget\" data-e-type=\"widget\" data-widget_type=\"image.default\">\n\t\t\t\t<div class=\"elementor-widget-container\">\n\t\t\t\t\t\t\t\t\t\t\t\t\t\t\t<img loading=\"lazy\" decoding=\"async\" width=\"800\" height=\"510\" src=\"https:\/\/www.dolcehotelversailles.com\/wp-content\/uploads\/2023\/06\/7.2_Montcel-2-1024x653.jpg\" class=\"attachment-large size-large wp-image-4350\" alt=\"Children&#039;s games at Montcel - chateau Hotel Yvelines\" srcset=\"https:\/\/www.dolcehotelversailles.com\/wp-content\/uploads\/2023\/06\/7.2_Montcel-2-1024x653.jpg 1024w, https:\/\/www.dolcehotelversailles.com\/wp-content\/uploads\/2023\/06\/7.2_Montcel-2-300x191.jpg 300w, https:\/\/www.dolcehotelversailles.com\/wp-content\/uploads\/2023\/06\/7.2_Montcel-2-768x490.jpg 768w, https:\/\/www.dolcehotelversailles.com\/wp-content\/uploads\/2023\/06\/7.2_Montcel-2-1536x979.jpg 1536w, https:\/\/www.dolcehotelversailles.com\/wp-content\/uploads\/2023\/06\/7.2_Montcel-2-18x12.jpg 18w, https:\/\/www.dolcehotelversailles.com\/wp-content\/uploads\/2023\/06\/7.2_Montcel-2.jpg 1641w\" sizes=\"(max-width: 800px) 100vw, 800px\" title=\"\">\t\t\t\t\t\t\t\t\t\t\t\t\t\t\t<\/div>\n\t\t\t\t<\/div>\n\t\t\t\t<div class=\"elementor-element elementor-element-396373d elementor-widget-laptop__width-initial elementor-widget-mobile__width-initial elementor-widget elementor-widget-heading\" data-id=\"396373d\" data-element_type=\"widget\" data-e-type=\"widget\" data-widget_type=\"heading.default\">\n\t\t\t\t<div class=\"elementor-widget-container\">\n\t\t\t\t\t<h2 class=\"elementor-heading-title elementor-size-default\">FROM 1923 TO 1980: THE MONTCEL SCHOOL<\/h2>\t\t\t\t<\/div>\n\t\t\t\t<\/div>\n\t\t\t\t<div class=\"elementor-element elementor-element-5ae7ab9 elementor-widget elementor-widget-text-editor\" data-id=\"5ae7ab9\" data-element_type=\"widget\" data-e-type=\"widget\" data-widget_type=\"text-editor.default\">\n\t\t\t\t<div class=\"elementor-widget-container\">\n\t\t\t\t\t\t\t\t\t<p data-start=\"221\" data-end=\"568\">The Swiss Jeanrenaud brothers acquired the Domaine du Montcel and founded a public school of excellence for boys from good families. Inspired by the prestigious British boarding schools, they introduced a complete and rigorous education: classes in the morning, followed by sports and cultural activities in the afternoon.<\/p><p data-start=\"570\" data-end=\"1079\">Why did you choose Le Montcel? The vast wooded park offered an exceptional natural setting, ideal for an educational programme in which outdoor activities played an essential role. Its calm and spacious setting, just a few kilometres from Paris, also made it an ideal place for concentration and reflection. These qualities have not escaped the attention of the leading business school HEC, which now has its headquarters less than two kilometres from the estate.<\/p><p data-start=\"1081\" data-end=\"1187\">The \u00c9cole du Montcel has seen a number of students go on to become major figures in French culture:\u00a0<span style=\"background-color: transparent;\">director Jean-Michel Ribes,\u00a0<\/span><span style=\"background-color: transparent;\">the painter G\u00e9rard Garouste,\u00a0<\/span><span style=\"background-color: transparent;\">writer Patrick Modiano, who wrote about the establishment in <\/span><em style=\"background-color: transparent;\" data-start=\"1337\" data-end=\"1365\">Rue des boutiques obscures<\/em><span style=\"background-color: transparent;\"> (Prix Goncourt 1978)\u00a0<\/span><span style=\"background-color: transparent;\">and singer Michel Sardou, who refers to it in his song <\/span><em style=\"background-color: transparent;\" data-start=\"1463\" data-end=\"1487\">The general supervisor<\/em><span style=\"background-color: transparent;\"> (1972).<\/span><\/p><p data-start=\"1499\" data-end=\"1654\">From generation to generation, the Domaine du Montcel has established itself as a place where inspiration and creation find their natural place.<\/p>\t\t\t\t\t\t\t\t<\/div>\n\t\t\t\t<\/div>\n\t\t\t\t\t<\/div>\n\t\t<\/div>\n\t\t\t\t<div class=\"elementor-column elementor-col-33 elementor-inner-column elementor-element elementor-element-3c4dd0b\" data-id=\"3c4dd0b\" data-element_type=\"column\" data-e-type=\"column\">\n\t\t\t<div class=\"elementor-widget-wrap\">\n\t\t\t\t\t\t\t<\/div>\n\t\t<\/div>\n\t\t\t\t\t<\/div>\n\t\t<\/section>\n\t\t\t\t\t<\/div>\n\t\t<\/div>\n\t\t\t\t\t<\/div>\n\t\t<\/section>\n\t\t\t\t<section class=\"elementor-section elementor-inner-section elementor-element elementor-element-5926876 elementor-reverse-tablet elementor-section-boxed elementor-section-height-default elementor-section-height-default\" data-id=\"5926876\" data-element_type=\"section\" data-e-type=\"section\">\n\t\t\t\t\t\t<div class=\"elementor-container elementor-column-gap-no\">\n\t\t\t\t\t<div class=\"elementor-column elementor-col-100 elementor-inner-column elementor-element elementor-element-e74272a\" data-id=\"e74272a\" data-element_type=\"column\" data-e-type=\"column\">\n\t\t\t<div class=\"elementor-widget-wrap elementor-element-populated\">\n\t\t\t\t\t<div class=\"elementor-background-overlay\"><\/div>\n\t\t\t\t\t\t<section class=\"elementor-section elementor-inner-section elementor-element elementor-element-8f37f7a elementor-reverse-tablet elementor-section-boxed elementor-section-height-default elementor-section-height-default\" data-id=\"8f37f7a\" data-element_type=\"section\" data-e-type=\"section\" data-settings=\"{&quot;background_background&quot;:&quot;classic&quot;}\">\n\t\t\t\t\t\t<div class=\"elementor-container elementor-column-gap-no\">\n\t\t\t\t\t<div class=\"elementor-column elementor-col-33 elementor-inner-column elementor-element elementor-element-16d6e39\" data-id=\"16d6e39\" data-element_type=\"column\" data-e-type=\"column\">\n\t\t\t<div class=\"elementor-widget-wrap elementor-element-populated\">\n\t\t\t\t\t\t<div class=\"elementor-element elementor-element-103b8f1 elementor-widget elementor-widget-image\" data-id=\"103b8f1\" data-element_type=\"widget\" data-e-type=\"widget\" data-widget_type=\"image.default\">\n\t\t\t\t<div class=\"elementor-widget-container\">\n\t\t\t\t\t\t\t\t\t\t\t\t\t\t\t<img loading=\"lazy\" decoding=\"async\" width=\"800\" height=\"511\" src=\"https:\/\/www.dolcehotelversailles.com\/wp-content\/uploads\/2023\/06\/Carrousel_Montcel-23-1024x654.jpg\" class=\"attachment-large size-large wp-image-4456\" alt=\"Carrousel Montcel - chateau Hotel Yvelines\" srcset=\"https:\/\/www.dolcehotelversailles.com\/wp-content\/uploads\/2023\/06\/Carrousel_Montcel-23-1024x654.jpg 1024w, https:\/\/www.dolcehotelversailles.com\/wp-content\/uploads\/2023\/06\/Carrousel_Montcel-23-300x192.jpg 300w, https:\/\/www.dolcehotelversailles.com\/wp-content\/uploads\/2023\/06\/Carrousel_Montcel-23-768x490.jpg 768w, https:\/\/www.dolcehotelversailles.com\/wp-content\/uploads\/2023\/06\/Carrousel_Montcel-23-1536x981.jpg 1536w, https:\/\/www.dolcehotelversailles.com\/wp-content\/uploads\/2023\/06\/Carrousel_Montcel-23-2048x1307.jpg 2048w, https:\/\/www.dolcehotelversailles.com\/wp-content\/uploads\/2023\/06\/Carrousel_Montcel-23-18x12.jpg 18w\" sizes=\"(max-width: 800px) 100vw, 800px\" title=\"\">\t\t\t\t\t\t\t\t\t\t\t\t\t\t\t<\/div>\n\t\t\t\t<\/div>\n\t\t\t\t\t<\/div>\n\t\t<\/div>\n\t\t\t\t<div class=\"elementor-column elementor-col-66 elementor-inner-column elementor-element elementor-element-f1f8cfe\" data-id=\"f1f8cfe\" data-element_type=\"column\" data-e-type=\"column\">\n\t\t\t<div class=\"elementor-widget-wrap elementor-element-populated\">\n\t\t\t\t\t<div class=\"elementor-background-overlay\"><\/div>\n\t\t\t\t\t\t<div class=\"elementor-element elementor-element-e4b6960 elementor-widget-laptop__width-initial elementor-widget-mobile__width-initial elementor-widget elementor-widget-heading\" data-id=\"e4b6960\" data-element_type=\"widget\" data-e-type=\"widget\" data-widget_type=\"heading.default\">\n\t\t\t\t<div class=\"elementor-widget-container\">\n\t\t\t\t\t<h2 class=\"elementor-heading-title elementor-size-default\">YEAR 1940<\/h2>\t\t\t\t<\/div>\n\t\t\t\t<\/div>\n\t\t\t\t<div class=\"elementor-element elementor-element-8f0a993 elementor-widget elementor-widget-text-editor\" data-id=\"8f0a993\" data-element_type=\"widget\" data-e-type=\"widget\" data-widget_type=\"text-editor.default\">\n\t\t\t\t<div class=\"elementor-widget-container\">\n\t\t\t\t\t\t\t\t\t<p>The Montcel School closes as the Kommandatura, a German military command center, takes over. At the end of the German occupation, the Luftwaffe planned to settle at Le Montcel, and part of the Wehrmacht air component headquarters set up its quarters on the estate. Between 1943 and 1944, a bunker was built in the northwestern part of the park to house an air detection and interception center.<\/p>\t\t\t\t\t\t\t\t<\/div>\n\t\t\t\t<\/div>\n\t\t\t\t<div class=\"elementor-element elementor-element-dce6f56 elementor-widget-laptop__width-initial elementor-widget-mobile__width-initial elementor-widget elementor-widget-heading\" data-id=\"dce6f56\" data-element_type=\"widget\" data-e-type=\"widget\" data-widget_type=\"heading.default\">\n\t\t\t\t<div class=\"elementor-widget-container\">\n\t\t\t\t\t<h2 class=\"elementor-heading-title elementor-size-default\">24 AUGUST 1944<\/h2>\t\t\t\t<\/div>\n\t\t\t\t<\/div>\n\t\t\t\t<div class=\"elementor-element elementor-element-5dd9781 elementor-widget elementor-widget-text-editor\" data-id=\"5dd9781\" data-element_type=\"widget\" data-e-type=\"widget\" data-widget_type=\"text-editor.default\">\n\t\t\t\t<div class=\"elementor-widget-container\">\n\t\t\t\t\t\t\t\t\t<p>The Germans leave the Domaine du Montcel and set fire to the Ch\u00e2teau. The devastating fire wiped out all traces of the interior decor created in the 19th century. The roofs were utterly disfigured. The same year in October, work began rebuilding the Ch\u00e2teau, intending to reopen the school as soon as possible. Only the west facade, still standing after the fire, was restored to its original state. It wasn't until the 1950s that the reconstruction of the Oberkampf mansion was finished, but it was far from an identical restoration.<\/p>\t\t\t\t\t\t\t\t<\/div>\n\t\t\t\t<\/div>\n\t\t\t\t\t<\/div>\n\t\t<\/div>\n\t\t\t\t\t<\/div>\n\t\t<\/section>\n\t\t\t\t\t<\/div>\n\t\t<\/div>\n\t\t\t\t\t<\/div>\n\t\t<\/section>\n\t\t\t\t<section class=\"elementor-section elementor-inner-section elementor-element elementor-element-5e85ef4 elementor-reverse-tablet elementor-section-boxed elementor-section-height-default elementor-section-height-default\" data-id=\"5e85ef4\" data-element_type=\"section\" data-e-type=\"section\" data-settings=\"{&quot;background_background&quot;:&quot;classic&quot;}\">\n\t\t\t\t\t\t<div class=\"elementor-container elementor-column-gap-no\">\n\t\t\t\t\t<div class=\"elementor-column elementor-col-66 elementor-inner-column elementor-element elementor-element-6b3d912\" data-id=\"6b3d912\" data-element_type=\"column\" data-e-type=\"column\">\n\t\t\t<div class=\"elementor-widget-wrap elementor-element-populated\">\n\t\t\t\t\t<div class=\"elementor-background-overlay\"><\/div>\n\t\t\t\t\t\t<div class=\"elementor-element elementor-element-ad390cf elementor-widget elementor-widget-image\" data-id=\"ad390cf\" data-element_type=\"widget\" data-e-type=\"widget\" data-widget_type=\"image.default\">\n\t\t\t\t<div class=\"elementor-widget-container\">\n\t\t\t\t\t\t\t\t\t\t\t\t\t\t\t<img loading=\"lazy\" decoding=\"async\" width=\"800\" height=\"571\" src=\"https:\/\/www.dolcehotelversailles.com\/wp-content\/uploads\/2023\/06\/7.4_1923-1980_Montcel1931cour-1024x731.jpg\" class=\"attachment-large size-large wp-image-4362\" alt=\"La cour de Montcel - chateau Hotel Yvelines\" srcset=\"https:\/\/www.dolcehotelversailles.com\/wp-content\/uploads\/2023\/06\/7.4_1923-1980_Montcel1931cour-1024x731.jpg 1024w, https:\/\/www.dolcehotelversailles.com\/wp-content\/uploads\/2023\/06\/7.4_1923-1980_Montcel1931cour-300x214.jpg 300w, https:\/\/www.dolcehotelversailles.com\/wp-content\/uploads\/2023\/06\/7.4_1923-1980_Montcel1931cour-768x548.jpg 768w, https:\/\/www.dolcehotelversailles.com\/wp-content\/uploads\/2023\/06\/7.4_1923-1980_Montcel1931cour-18x12.jpg 18w, https:\/\/www.dolcehotelversailles.com\/wp-content\/uploads\/2023\/06\/7.4_1923-1980_Montcel1931cour-rotated.jpg 1502w\" sizes=\"(max-width: 800px) 100vw, 800px\" title=\"\">\t\t\t\t\t\t\t\t\t\t\t\t\t\t\t<\/div>\n\t\t\t\t<\/div>\n\t\t\t\t<div class=\"elementor-element elementor-element-4665d4e elementor-widget-laptop__width-initial elementor-widget-mobile__width-initial elementor-widget elementor-widget-heading\" data-id=\"4665d4e\" data-element_type=\"widget\" data-e-type=\"widget\" data-widget_type=\"heading.default\">\n\t\t\t\t<div class=\"elementor-widget-container\">\n\t\t\t\t\t<h2 class=\"elementor-heading-title elementor-size-default\">YEAR 1967<\/h2>\t\t\t\t<\/div>\n\t\t\t\t<\/div>\n\t\t\t\t<div class=\"elementor-element elementor-element-6fc3aa8 elementor-widget elementor-widget-text-editor\" data-id=\"6fc3aa8\" data-element_type=\"widget\" data-e-type=\"widget\" data-widget_type=\"text-editor.default\">\n\t\t\t\t<div class=\"elementor-widget-container\">\n\t\t\t\t\t\t\t\t\t<p>Thanks to the insistence of Pierre Jeanrenaud, who was alarmed by a freeway project, the Montcel site was classified as a site on April 10, 1967. This classification enabled the preservation of one of the English-style parks laid out in France by Thomas Blaikie, the most famous of the landscape gardeners of the late 18th and 19th centuries, whose main design features can still be seen today (the English river, the grotto, the west and east meadows on either side of the ch\u00e2teau).<\/p>\t\t\t\t\t\t\t\t<\/div>\n\t\t\t\t<\/div>\n\t\t\t\t<div class=\"elementor-element elementor-element-40813cd elementor-widget-laptop__width-initial elementor-widget-mobile__width-initial elementor-widget elementor-widget-heading\" data-id=\"40813cd\" data-element_type=\"widget\" data-e-type=\"widget\" data-widget_type=\"heading.default\">\n\t\t\t\t<div class=\"elementor-widget-container\">\n\t\t\t\t\t<h2 class=\"elementor-heading-title elementor-size-default\">YEAR 1980<\/h2>\t\t\t\t<\/div>\n\t\t\t\t<\/div>\n\t\t\t\t<div class=\"elementor-element elementor-element-1567f07 elementor-widget elementor-widget-text-editor\" data-id=\"1567f07\" data-element_type=\"widget\" data-e-type=\"widget\" data-widget_type=\"text-editor.default\">\n\t\t\t\t<div class=\"elementor-widget-container\">\n\t\t\t\t\t\t\t\t\t<p>Competition from local colleges gradually led to the decline of the \u00c9cole du Montcel. The school closes its doors for good at the end of June.<\/p>\t\t\t\t\t\t\t\t<\/div>\n\t\t\t\t<\/div>\n\t\t\t\t\t<\/div>\n\t\t<\/div>\n\t\t\t\t<div class=\"elementor-column elementor-col-33 elementor-inner-column elementor-element elementor-element-8a4c2bb\" data-id=\"8a4c2bb\" data-element_type=\"column\" data-e-type=\"column\">\n\t\t\t<div class=\"elementor-widget-wrap\">\n\t\t\t\t\t\t\t<\/div>\n\t\t<\/div>\n\t\t\t\t\t<\/div>\n\t\t<\/section>\n\t\t\t\t<section class=\"elementor-section elementor-inner-section elementor-element elementor-element-644bc49 elementor-reverse-tablet elementor-section-boxed elementor-section-height-default elementor-section-height-default\" data-id=\"644bc49\" data-element_type=\"section\" data-e-type=\"section\" data-settings=\"{&quot;background_background&quot;:&quot;classic&quot;}\">\n\t\t\t\t\t\t<div class=\"elementor-container elementor-column-gap-no\">\n\t\t\t\t\t<div class=\"elementor-column elementor-col-33 elementor-inner-column elementor-element elementor-element-b1684dd\" data-id=\"b1684dd\" data-element_type=\"column\" data-e-type=\"column\">\n\t\t\t<div class=\"elementor-widget-wrap elementor-element-populated\">\n\t\t\t\t\t\t<div class=\"elementor-element elementor-element-7646034 elementor-widget elementor-widget-image\" data-id=\"7646034\" data-element_type=\"widget\" data-e-type=\"widget\" data-widget_type=\"image.default\">\n\t\t\t\t<div class=\"elementor-widget-container\">\n\t\t\t\t\t\t\t\t\t\t\t\t\t\t\t<img loading=\"lazy\" decoding=\"async\" width=\"800\" height=\"509\" src=\"https:\/\/www.dolcehotelversailles.com\/wp-content\/uploads\/2023\/06\/11_1980-1984_Montcel-15-1024x651.jpg\" class=\"attachment-large size-large wp-image-4361\" alt=\"hotel front view - chateau Hotel Yvelines\" srcset=\"https:\/\/www.dolcehotelversailles.com\/wp-content\/uploads\/2023\/06\/11_1980-1984_Montcel-15-1024x651.jpg 1024w, https:\/\/www.dolcehotelversailles.com\/wp-content\/uploads\/2023\/06\/11_1980-1984_Montcel-15-300x191.jpg 300w, https:\/\/www.dolcehotelversailles.com\/wp-content\/uploads\/2023\/06\/11_1980-1984_Montcel-15-768x488.jpg 768w, https:\/\/www.dolcehotelversailles.com\/wp-content\/uploads\/2023\/06\/11_1980-1984_Montcel-15-1536x976.jpg 1536w, https:\/\/www.dolcehotelversailles.com\/wp-content\/uploads\/2023\/06\/11_1980-1984_Montcel-15-18x12.jpg 18w, https:\/\/www.dolcehotelversailles.com\/wp-content\/uploads\/2023\/06\/11_1980-1984_Montcel-15.jpg 1759w\" sizes=\"(max-width: 800px) 100vw, 800px\" title=\"\">\t\t\t\t\t\t\t\t\t\t\t\t\t\t\t<\/div>\n\t\t\t\t<\/div>\n\t\t\t\t\t<\/div>\n\t\t<\/div>\n\t\t\t\t<div class=\"elementor-column elementor-col-66 elementor-inner-column elementor-element elementor-element-daa3b83\" data-id=\"daa3b83\" data-element_type=\"column\" data-e-type=\"column\">\n\t\t\t<div class=\"elementor-widget-wrap elementor-element-populated\">\n\t\t\t\t\t<div class=\"elementor-background-overlay\"><\/div>\n\t\t\t\t\t\t<div class=\"elementor-element elementor-element-4e7261c elementor-widget-laptop__width-initial elementor-widget-mobile__width-initial elementor-widget elementor-widget-heading\" data-id=\"4e7261c\" data-element_type=\"widget\" data-e-type=\"widget\" data-widget_type=\"heading.default\">\n\t\t\t\t<div class=\"elementor-widget-container\">\n\t\t\t\t\t<h2 class=\"elementor-heading-title elementor-size-default\">FROM 1980 TO 1984: CONTEMPORARY ART CENTRE &amp; SPORTS LEISURE CLUB<\/h2>\t\t\t\t<\/div>\n\t\t\t\t<\/div>\n\t\t\t\t<div class=\"elementor-element elementor-element-0dcaa73 elementor-widget elementor-widget-text-editor\" data-id=\"0dcaa73\" data-element_type=\"widget\" data-e-type=\"widget\" data-widget_type=\"text-editor.default\">\n\t\t\t\t<div class=\"elementor-widget-container\">\n\t\t\t\t\t\t\t\t\t<p>After buying the estate, patron, property developer, and art lover, Jean Hamon converted it into a contemporary art center and sports leisure club.<br \/>He set up artists' studios, and it was during this period that part of the estate became known as the \"Village des Arts .\" Above all, one of the park's two most critical monumental works was installed during this period.<\/p>\t\t\t\t\t\t\t\t<\/div>\n\t\t\t\t<\/div>\n\t\t\t\t\t<\/div>\n\t\t<\/div>\n\t\t\t\t\t<\/div>\n\t\t<\/section>\n\t\t\t\t<section class=\"elementor-section elementor-inner-section elementor-element elementor-element-d2a6f47 elementor-reverse-tablet elementor-section-boxed elementor-section-height-default elementor-section-height-default\" data-id=\"d2a6f47\" data-element_type=\"section\" data-e-type=\"section\">\n\t\t\t\t\t\t<div class=\"elementor-container elementor-column-gap-no\">\n\t\t\t\t\t<div class=\"elementor-column elementor-col-100 elementor-inner-column elementor-element elementor-element-0b7159b\" data-id=\"0b7159b\" data-element_type=\"column\" data-e-type=\"column\">\n\t\t\t<div class=\"elementor-widget-wrap elementor-element-populated\">\n\t\t\t\t\t<div class=\"elementor-background-overlay\"><\/div>\n\t\t\t\t\t\t<section class=\"elementor-section elementor-inner-section elementor-element elementor-element-cc34315 elementor-reverse-tablet elementor-section-boxed elementor-section-height-default elementor-section-height-default\" data-id=\"cc34315\" data-element_type=\"section\" data-e-type=\"section\" data-settings=\"{&quot;background_background&quot;:&quot;classic&quot;}\">\n\t\t\t\t\t\t<div class=\"elementor-container elementor-column-gap-no\">\n\t\t\t\t\t<div class=\"elementor-column elementor-col-66 elementor-inner-column elementor-element elementor-element-91eee37\" data-id=\"91eee37\" data-element_type=\"column\" data-e-type=\"column\">\n\t\t\t<div class=\"elementor-widget-wrap elementor-element-populated\">\n\t\t\t\t\t<div class=\"elementor-background-overlay\"><\/div>\n\t\t\t\t\t\t<div class=\"elementor-element elementor-element-0050d9e elementor-widget elementor-widget-image\" data-id=\"0050d9e\" data-element_type=\"widget\" data-e-type=\"widget\" data-widget_type=\"image.default\">\n\t\t\t\t<div class=\"elementor-widget-container\">\n\t\t\t\t\t\t\t\t\t\t\t\t\t\t\t<img loading=\"lazy\" decoding=\"async\" width=\"800\" height=\"671\" src=\"https:\/\/www.dolcehotelversailles.com\/wp-content\/uploads\/2025\/10\/Design-sans-titre-20.png\" class=\"attachment-large size-large wp-image-11875\" alt=\"\" srcset=\"https:\/\/www.dolcehotelversailles.com\/wp-content\/uploads\/2025\/10\/Design-sans-titre-20.png 940w, https:\/\/www.dolcehotelversailles.com\/wp-content\/uploads\/2025\/10\/Design-sans-titre-20-300x251.png 300w, https:\/\/www.dolcehotelversailles.com\/wp-content\/uploads\/2025\/10\/Design-sans-titre-20-768x644.png 768w, https:\/\/www.dolcehotelversailles.com\/wp-content\/uploads\/2025\/10\/Design-sans-titre-20-14x12.png 14w\" sizes=\"(max-width: 800px) 100vw, 800px\" title=\"\">\t\t\t\t\t\t\t\t\t\t\t\t\t\t\t<\/div>\n\t\t\t\t<\/div>\n\t\t\t\t<div class=\"elementor-element elementor-element-30f2ded elementor-widget-laptop__width-initial elementor-widget-mobile__width-initial elementor-widget elementor-widget-heading\" data-id=\"30f2ded\" data-element_type=\"widget\" data-e-type=\"widget\" data-widget_type=\"heading.default\">\n\t\t\t\t<div class=\"elementor-widget-container\">\n\t\t\t\t\t<h2 class=\"elementor-heading-title elementor-size-default\">1982 : LONG TERM PARKING D'ARMAN<\/h2>\t\t\t\t<\/div>\n\t\t\t\t<\/div>\n\t\t\t\t<div class=\"elementor-element elementor-element-d23992e elementor-widget elementor-widget-text-editor\" data-id=\"d23992e\" data-element_type=\"widget\" data-e-type=\"widget\" data-widget_type=\"text-editor.default\">\n\t\t\t\t<div class=\"elementor-widget-container\">\n\t\t\t\t\t\t\t\t\t<p data-start=\"104\" data-end=\"421\">In 1982, Arman created <em data-start=\"163\" data-end=\"182\">Long Term Parking<\/em>a monumental 19-metre tower made up of 59 carcasses cast in concrete, in the heart of the Domaine du Montcel. Symbolising consumer society, the work illustrates both the abundance and perishability of objects.<\/p><p data-start=\"423\" data-end=\"772\">When it was first created, it provoked controversy, shocking people with its presence in a rural, neo-classical setting. Today, it is recognised as one of the major works of modern art. Designed to evolve over time, this sculpture raises the question of its eventual disappearance, reflecting the fragility of what it represents.<\/p>\t\t\t\t\t\t\t\t<\/div>\n\t\t\t\t<\/div>\n\t\t\t\t\t<\/div>\n\t\t<\/div>\n\t\t\t\t<div class=\"elementor-column elementor-col-33 elementor-inner-column elementor-element elementor-element-21a2c98\" data-id=\"21a2c98\" data-element_type=\"column\" data-e-type=\"column\">\n\t\t\t<div class=\"elementor-widget-wrap\">\n\t\t\t\t\t\t\t<\/div>\n\t\t<\/div>\n\t\t\t\t\t<\/div>\n\t\t<\/section>\n\t\t\t\t\t<\/div>\n\t\t<\/div>\n\t\t\t\t\t<\/div>\n\t\t<\/section>\n\t\t\t\t<section class=\"elementor-section elementor-inner-section elementor-element elementor-element-6392729 elementor-reverse-tablet elementor-section-boxed elementor-section-height-default elementor-section-height-default\" data-id=\"6392729\" data-element_type=\"section\" data-e-type=\"section\" data-settings=\"{&quot;background_background&quot;:&quot;classic&quot;}\">\n\t\t\t\t\t\t<div class=\"elementor-container elementor-column-gap-no\">\n\t\t\t\t\t<div class=\"elementor-column elementor-col-33 elementor-inner-column elementor-element elementor-element-13ef66b\" data-id=\"13ef66b\" data-element_type=\"column\" data-e-type=\"column\">\n\t\t\t<div class=\"elementor-widget-wrap elementor-element-populated\">\n\t\t\t\t\t\t<div class=\"elementor-element elementor-element-e0f8092 elementor-widget elementor-widget-image\" data-id=\"e0f8092\" data-element_type=\"widget\" data-e-type=\"widget\" data-widget_type=\"image.default\">\n\t\t\t\t<div class=\"elementor-widget-container\">\n\t\t\t\t\t\t\t\t\t\t\t\t\t\t\t<img loading=\"lazy\" decoding=\"async\" width=\"411\" height=\"279\" src=\"https:\/\/www.dolcehotelversailles.com\/wp-content\/uploads\/2023\/06\/12.2_Le-Dejeuner-sous-lherbe-23-avril-1983-sur-la-pelouse-du-Domaine-du-Montcel_-enfouissement-perfomance-artistique-de-Daniel-Spoerri.jpg\" class=\"attachment-large size-large wp-image-4359\" alt=\"lunch on the grass - chateau Hotel Yvelines\" srcset=\"https:\/\/www.dolcehotelversailles.com\/wp-content\/uploads\/2023\/06\/12.2_Le-Dejeuner-sous-lherbe-23-avril-1983-sur-la-pelouse-du-Domaine-du-Montcel_-enfouissement-perfomance-artistique-de-Daniel-Spoerri.jpg 411w, https:\/\/www.dolcehotelversailles.com\/wp-content\/uploads\/2023\/06\/12.2_Le-Dejeuner-sous-lherbe-23-avril-1983-sur-la-pelouse-du-Domaine-du-Montcel_-enfouissement-perfomance-artistique-de-Daniel-Spoerri-300x204.jpg 300w, https:\/\/www.dolcehotelversailles.com\/wp-content\/uploads\/2023\/06\/12.2_Le-Dejeuner-sous-lherbe-23-avril-1983-sur-la-pelouse-du-Domaine-du-Montcel_-enfouissement-perfomance-artistique-de-Daniel-Spoerri-18x12.jpg 18w\" sizes=\"(max-width: 411px) 100vw, 411px\" title=\"\">\t\t\t\t\t\t\t\t\t\t\t\t\t\t\t<\/div>\n\t\t\t\t<\/div>\n\t\t\t\t\t<\/div>\n\t\t<\/div>\n\t\t\t\t<div class=\"elementor-column elementor-col-66 elementor-inner-column elementor-element elementor-element-5424b94\" data-id=\"5424b94\" data-element_type=\"column\" data-e-type=\"column\">\n\t\t\t<div class=\"elementor-widget-wrap elementor-element-populated\">\n\t\t\t\t\t<div class=\"elementor-background-overlay\"><\/div>\n\t\t\t\t\t\t<div class=\"elementor-element elementor-element-8531f26 elementor-widget-laptop__width-initial elementor-widget-mobile__width-initial elementor-widget elementor-widget-heading\" data-id=\"8531f26\" data-element_type=\"widget\" data-e-type=\"widget\" data-widget_type=\"heading.default\">\n\t\t\t\t<div class=\"elementor-widget-container\">\n\t\t\t\t\t<h2 class=\"elementor-heading-title elementor-size-default\">1983: LUNCH ON THE GRASS BY DANIEL SPOERRI <\/h2>\t\t\t\t<\/div>\n\t\t\t\t<\/div>\n\t\t\t\t<div class=\"elementor-element elementor-element-70cecb4 elementor-widget elementor-widget-text-editor\" data-id=\"70cecb4\" data-element_type=\"widget\" data-e-type=\"widget\" data-widget_type=\"text-editor.default\">\n\t\t\t\t<div class=\"elementor-widget-container\">\n\t\t\t\t\t\t\t\t\t<p><span style=\"font-weight: 400;\">On April 23, 1983, in the middle of the lawn of the Domaine du Montcel, a performance took place by the artist Daniel Spoerri, a renowned visual artist and member of the \u201cNouveau R\u00e9alisme movement\u201d. The performance is entitled <i>Lunch on the Grass<\/i> - an allusion to Manet's famous 1863 painting <i>Lunch on the Grass<\/i>. 120 guests and personalities from the art world, including Arman, C\u00e9sar, and Pierre Soulages, are invited to a festive and frugal banquet. At the end of the meal, the tables, crockery, cutlery, bottles, and leftovers are buried in a 60-meter-long trench dug in advance.<\/span><\/p><p><span style=\"font-weight: 400;\">In 2010, 33 years after the famous meal, archaeological excavations were carried out by INRAP, the French National Institute for Preventive Archaeological Research. Unfortunately, Daniel Spoerri could not attend this excavation, which he had nevertheless anticipated and imagined at the moment of his 1983 performance.<\/span><span style=\"font-weight: 400;\"><br \/><\/span><span style=\"font-weight: 400;\">The first excavations of their kind in contemporary art history reveal the cutlery and other objects left behind by the guests. This first scientific excavation applied to contemporary art questions the limits of soil archive studies and provides essential information on the memory conveyed by short-term material traces.<\/span><\/p><p><span style=\"font-weight: 400;\">Photographs taken during the dinner in 1983 and a film shot during the 2010 excavations remain of this performance today. Bronze casts have also been created from the remains. As a permanent record of the work in situ, 6m of the 60m trench is still buried in the grounds of the Domaine, while another adorns the artist's park in Tuscany.<\/span><\/p>\t\t\t\t\t\t\t\t<\/div>\n\t\t\t\t<\/div>\n\t\t\t\t\t<\/div>\n\t\t<\/div>\n\t\t\t\t\t<\/div>\n\t\t<\/section>\n\t\t\t\t<section class=\"elementor-section elementor-inner-section elementor-element elementor-element-4e8147d elementor-reverse-tablet elementor-section-boxed elementor-section-height-default elementor-section-height-default\" data-id=\"4e8147d\" data-element_type=\"section\" data-e-type=\"section\">\n\t\t\t\t\t\t<div class=\"elementor-container elementor-column-gap-no\">\n\t\t\t\t\t<div class=\"elementor-column elementor-col-100 elementor-inner-column elementor-element elementor-element-e9d7a42\" data-id=\"e9d7a42\" data-element_type=\"column\" data-e-type=\"column\">\n\t\t\t<div class=\"elementor-widget-wrap elementor-element-populated\">\n\t\t\t\t\t<div class=\"elementor-background-overlay\"><\/div>\n\t\t\t\t\t\t<section class=\"elementor-section elementor-inner-section elementor-element elementor-element-9e919b5 elementor-reverse-tablet elementor-section-boxed elementor-section-height-default elementor-section-height-default\" data-id=\"9e919b5\" data-element_type=\"section\" data-e-type=\"section\" data-settings=\"{&quot;background_background&quot;:&quot;classic&quot;}\">\n\t\t\t\t\t\t<div class=\"elementor-container elementor-column-gap-no\">\n\t\t\t\t\t<div class=\"elementor-column elementor-col-100 elementor-inner-column elementor-element elementor-element-71a7a2b\" data-id=\"71a7a2b\" data-element_type=\"column\" data-e-type=\"column\">\n\t\t\t<div class=\"elementor-widget-wrap elementor-element-populated\">\n\t\t\t\t\t<div class=\"elementor-background-overlay\"><\/div>\n\t\t\t\t\t\t<div class=\"elementor-element elementor-element-3c04296 elementor-widget elementor-widget-image\" data-id=\"3c04296\" data-element_type=\"widget\" data-e-type=\"widget\" data-widget_type=\"image.default\">\n\t\t\t\t<div class=\"elementor-widget-container\">\n\t\t\t\t\t\t\t\t\t\t\t\t\t\t\t<img loading=\"lazy\" decoding=\"async\" width=\"800\" height=\"640\" src=\"https:\/\/www.dolcehotelversailles.com\/wp-content\/uploads\/2023\/06\/13.1_1980-1984_Vue-aerienne-oeuvres-dart.jpg\" class=\"attachment-large size-large wp-image-4358\" alt=\"Aerial views - chateau Hotel Yvelines\" srcset=\"https:\/\/www.dolcehotelversailles.com\/wp-content\/uploads\/2023\/06\/13.1_1980-1984_Vue-aerienne-oeuvres-dart.jpg 1000w, https:\/\/www.dolcehotelversailles.com\/wp-content\/uploads\/2023\/06\/13.1_1980-1984_Vue-aerienne-oeuvres-dart-300x240.jpg 300w, https:\/\/www.dolcehotelversailles.com\/wp-content\/uploads\/2023\/06\/13.1_1980-1984_Vue-aerienne-oeuvres-dart-768x614.jpg 768w, https:\/\/www.dolcehotelversailles.com\/wp-content\/uploads\/2023\/06\/13.1_1980-1984_Vue-aerienne-oeuvres-dart-15x12.jpg 15w\" sizes=\"(max-width: 800px) 100vw, 800px\" title=\"\">\t\t\t\t\t\t\t\t\t\t\t\t\t\t\t<\/div>\n\t\t\t\t<\/div>\n\t\t\t\t<div class=\"elementor-element elementor-element-f9d1942 elementor-widget-laptop__width-initial elementor-widget-mobile__width-initial elementor-widget elementor-widget-heading\" data-id=\"f9d1942\" data-element_type=\"widget\" data-e-type=\"widget\" data-widget_type=\"heading.default\">\n\t\t\t\t<div class=\"elementor-widget-container\">\n\t\t\t\t\t<h2 class=\"elementor-heading-title elementor-size-default\">1984 TO 1993: THE CARTIER FOUNDATION<\/h2>\t\t\t\t<\/div>\n\t\t\t\t<\/div>\n\t\t\t\t<div class=\"elementor-element elementor-element-78f919e elementor-widget elementor-widget-text-editor\" data-id=\"78f919e\" data-element_type=\"widget\" data-e-type=\"widget\" data-widget_type=\"text-editor.default\">\n\t\t\t\t<div class=\"elementor-widget-container\">\n\t\t\t\t\t\t\t\t\t<p>On October 20, 1984, Cartier inaugurated its Foundation for Contemporary Art in the Domaine du Montcel in the presence of C\u00e9sar and Jack Lang. Inspired by American models. The Foundation was a first in France. The first law on cultural patronage, known as the L\u00e9otard law, had not yet been passed. It had to wait until 1987, and it's clear that the Fondation Cartier was a driving force behind this change in the tax treatment of patronage. The Fondation Cartier was, therefore, no stranger to the proliferation and creation of other foundations in the luxury sector during the same period. <br \/>After its opening, the Fondation Cartier enjoyed media fame: ten years from 1984 to 1993, in which every new exhibition was an event.<br \/>Directed by Marie-Claude Beaud during this golden age, the Foundation organized numerous exhibitions. It installed works of art in the park, including, to name but a few: <i>La Serre<\/i> by Jean-Pierre Raynaud (1985), <i>Six yews<\/i> by Raymond Hains (1986) and the famous <i>Thumb<\/i> and the powerful <i>Venus of Villetaneuse<\/i> by C\u00e9sar.<\/p><p>The Foundation has developed around several values that underpin its actions, and it continues to assert its identity today: innovation and artistic freedom, commitment to contemporary art, support for creation, and collaboration with emerging, avant-garde artists. <br \/>The Fondation Cartier was an art center, not just an exhibition space, but a place where artists could live and work. The artists' studios and residences were located in the Village des Arts; the bunker served as the main exhibition space, and the Ch\u00e2teau housed a large restaurant. For Marie Claude Beaud, living on-site completely changed the dynamic of the place, \"it was a whole informal daily life that was organized at the Foundation .\" HEC students used to come and drink coffee in the Ch\u00e2teau's bar, and pupils from nearby secondary schools would visit the Foundation with their classes.<\/p>\t\t\t\t\t\t\t\t<\/div>\n\t\t\t\t<\/div>\n\t\t\t\t\t<\/div>\n\t\t<\/div>\n\t\t\t\t\t<\/div>\n\t\t<\/section>\n\t\t\t\t\t<\/div>\n\t\t<\/div>\n\t\t\t\t\t<\/div>\n\t\t<\/section>\n\t\t\t\t<section class=\"elementor-section elementor-inner-section elementor-element elementor-element-ac31904 elementor-reverse-tablet elementor-section-boxed elementor-section-height-default elementor-section-height-default\" data-id=\"ac31904\" data-element_type=\"section\" data-e-type=\"section\" data-settings=\"{&quot;background_background&quot;:&quot;classic&quot;}\">\n\t\t\t\t\t\t<div class=\"elementor-container elementor-column-gap-no\">\n\t\t\t\t\t<div class=\"elementor-column elementor-col-33 elementor-inner-column elementor-element elementor-element-b2858ca\" data-id=\"b2858ca\" data-element_type=\"column\" data-e-type=\"column\">\n\t\t\t<div class=\"elementor-widget-wrap elementor-element-populated\">\n\t\t\t\t\t\t<div class=\"elementor-element elementor-element-88d3db2 elementor-widget elementor-widget-image\" data-id=\"88d3db2\" data-element_type=\"widget\" data-e-type=\"widget\" data-widget_type=\"image.default\">\n\t\t\t\t<div class=\"elementor-widget-container\">\n\t\t\t\t\t\t\t\t\t\t\t\t\t\t\t<img loading=\"lazy\" decoding=\"async\" width=\"800\" height=\"671\" src=\"https:\/\/www.dolcehotelversailles.com\/wp-content\/uploads\/2025\/10\/Design-sans-titre-21.png\" class=\"attachment-large size-large wp-image-11876\" alt=\"\" srcset=\"https:\/\/www.dolcehotelversailles.com\/wp-content\/uploads\/2025\/10\/Design-sans-titre-21.png 940w, https:\/\/www.dolcehotelversailles.com\/wp-content\/uploads\/2025\/10\/Design-sans-titre-21-300x251.png 300w, https:\/\/www.dolcehotelversailles.com\/wp-content\/uploads\/2025\/10\/Design-sans-titre-21-768x644.png 768w, https:\/\/www.dolcehotelversailles.com\/wp-content\/uploads\/2025\/10\/Design-sans-titre-21-14x12.png 14w\" sizes=\"(max-width: 800px) 100vw, 800px\" title=\"\">\t\t\t\t\t\t\t\t\t\t\t\t\t\t\t<\/div>\n\t\t\t\t<\/div>\n\t\t\t\t\t<\/div>\n\t\t<\/div>\n\t\t\t\t<div class=\"elementor-column elementor-col-66 elementor-inner-column elementor-element elementor-element-c7b937f\" data-id=\"c7b937f\" data-element_type=\"column\" data-e-type=\"column\">\n\t\t\t<div class=\"elementor-widget-wrap elementor-element-populated\">\n\t\t\t\t\t<div class=\"elementor-background-overlay\"><\/div>\n\t\t\t\t\t\t<div class=\"elementor-element elementor-element-096e8c8 elementor-widget-laptop__width-initial elementor-widget-mobile__width-initial elementor-widget elementor-widget-heading\" data-id=\"096e8c8\" data-element_type=\"widget\" data-e-type=\"widget\" data-widget_type=\"heading.default\">\n\t\t\t\t<div class=\"elementor-widget-container\">\n\t\t\t\t\t<h2 class=\"elementor-heading-title elementor-size-default\">1984 TO 1989: C\u00c9SAR'S TRIBUTE TO EIFFEL<\/h2>\t\t\t\t<\/div>\n\t\t\t\t<\/div>\n\t\t\t\t<div class=\"elementor-element elementor-element-915bf0b elementor-widget elementor-widget-text-editor\" data-id=\"915bf0b\" data-element_type=\"widget\" data-e-type=\"widget\" data-widget_type=\"text-editor.default\">\n\t\t\t\t<div class=\"elementor-widget-container\">\n\t\t\t\t\t\t\t\t\t<p>The Fondation Cartier's inaugural exhibition is dedicated to the contemporary artist C\u00e9sar, who was made Commandeur des Arts et Lettres the same year. <br \/>It was against this backdrop that the artist undertook the creation of his <i>Tribute to Eiffel<\/i>, a giant 18-meter-high slab, with the cooperation of his assistants Jean-Fran\u00e7ois Duffau and Christian Debout \"Les Fers de C\u00e9sar,\" a work destined for the grounds of the Fondation Cartier Ch\u00e2teau.<br \/>It is made from beams taken from the Eiffel Tower lightening operation. More precisely, the materials used were partly taken from fragments of an Eiffel Tower staircase dismantled during the work. These fragments, purchased in 1983, are assembled in a vast tangle.<br \/>In 1989, the monumental sculpture was completed and inaugurated with great fanfare, performances, and fireworks in the Foundation's garden. A 6-meter-high plaque using the same elements as the Eiffel Tower was installed at Yoshii Foundation Park in Japan the same year. C\u00e9sar's work at Jouy en Josas thus has a little sister on the other side of the world, in Japan.\u00a0<br \/>Of the monumental sculptures installed in the park since the early 1980s, only Arman's Long-Term Parking and C\u00e9sar's Tribute to Eiffel remain.\u00a0<i>Long Term Parking<\/i>\u00a0and the<i>Tribute to Eiffel<\/i>\u00a0of Caesar.<\/p>\t\t\t\t\t\t\t\t<\/div>\n\t\t\t\t<\/div>\n\t\t\t\t\t<\/div>\n\t\t<\/div>\n\t\t\t\t\t<\/div>\n\t\t<\/section>\n\t\t\t\t<section class=\"elementor-section elementor-inner-section elementor-element elementor-element-e11fa4a elementor-reverse-tablet elementor-section-boxed elementor-section-height-default elementor-section-height-default\" data-id=\"e11fa4a\" data-element_type=\"section\" data-e-type=\"section\">\n\t\t\t\t\t\t<div class=\"elementor-container elementor-column-gap-no\">\n\t\t\t\t\t<div class=\"elementor-column elementor-col-100 elementor-inner-column elementor-element elementor-element-16c2a45\" data-id=\"16c2a45\" data-element_type=\"column\" data-e-type=\"column\">\n\t\t\t<div class=\"elementor-widget-wrap elementor-element-populated\">\n\t\t\t\t\t<div class=\"elementor-background-overlay\"><\/div>\n\t\t\t\t\t\t<section class=\"elementor-section elementor-inner-section elementor-element elementor-element-cd52c60 elementor-reverse-tablet elementor-section-boxed elementor-section-height-default elementor-section-height-default\" data-id=\"cd52c60\" data-element_type=\"section\" data-e-type=\"section\" data-settings=\"{&quot;background_background&quot;:&quot;classic&quot;}\">\n\t\t\t\t\t\t<div class=\"elementor-container elementor-column-gap-no\">\n\t\t\t\t\t<div class=\"elementor-column elementor-col-66 elementor-inner-column elementor-element elementor-element-0cc1273\" data-id=\"0cc1273\" data-element_type=\"column\" data-e-type=\"column\">\n\t\t\t<div class=\"elementor-widget-wrap elementor-element-populated\">\n\t\t\t\t\t<div class=\"elementor-background-overlay\"><\/div>\n\t\t\t\t\t\t<div class=\"elementor-element elementor-element-d128ad6 elementor-widget elementor-widget-image\" data-id=\"d128ad6\" data-element_type=\"widget\" data-e-type=\"widget\" data-widget_type=\"image.default\">\n\t\t\t\t<div class=\"elementor-widget-container\">\n\t\t\t\t\t\t\t\t\t\t\t\t\t\t\t<img loading=\"lazy\" decoding=\"async\" width=\"557\" height=\"1024\" src=\"https:\/\/www.dolcehotelversailles.com\/wp-content\/uploads\/2023\/05\/Vue-aerienne-2012-557x1024.jpg\" class=\"attachment-large size-large wp-image-3897\" alt=\"\" srcset=\"https:\/\/www.dolcehotelversailles.com\/wp-content\/uploads\/2023\/05\/Vue-aerienne-2012-557x1024.jpg 557w, https:\/\/www.dolcehotelversailles.com\/wp-content\/uploads\/2023\/05\/Vue-aerienne-2012-163x300.jpg 163w, https:\/\/www.dolcehotelversailles.com\/wp-content\/uploads\/2023\/05\/Vue-aerienne-2012-768x1412.jpg 768w, https:\/\/www.dolcehotelversailles.com\/wp-content\/uploads\/2023\/05\/Vue-aerienne-2012-835x1536.jpg 835w, https:\/\/www.dolcehotelversailles.com\/wp-content\/uploads\/2023\/05\/Vue-aerienne-2012-1114x2048.jpg 1114w, https:\/\/www.dolcehotelversailles.com\/wp-content\/uploads\/2023\/05\/Vue-aerienne-2012-7x12.jpg 7w, https:\/\/www.dolcehotelversailles.com\/wp-content\/uploads\/2023\/05\/Vue-aerienne-2012-scaled.jpg 1392w\" sizes=\"(max-width: 557px) 100vw, 557px\" title=\"\">\t\t\t\t\t\t\t\t\t\t\t\t\t\t\t<\/div>\n\t\t\t\t<\/div>\n\t\t\t\t<div class=\"elementor-element elementor-element-f5e1f66 elementor-widget-laptop__width-initial elementor-widget-mobile__width-initial elementor-widget elementor-widget-heading\" data-id=\"f5e1f66\" data-element_type=\"widget\" data-e-type=\"widget\" data-widget_type=\"heading.default\">\n\t\t\t\t<div class=\"elementor-widget-container\">\n\t\t\t\t\t<h2 class=\"elementor-heading-title elementor-size-default\">2013: ACQUISITION BY THE ACAPACE GROUP<\/h2>\t\t\t\t<\/div>\n\t\t\t\t<\/div>\n\t\t\t\t<div class=\"elementor-element elementor-element-fdbd380 elementor-widget elementor-widget-text-editor\" data-id=\"fdbd380\" data-element_type=\"widget\" data-e-type=\"widget\" data-widget_type=\"text-editor.default\">\n\t\t\t\t<div class=\"elementor-widget-container\">\n\t\t\t\t\t\t\t\t\t<p>ACAPACE, in partnership with Sofival, acquires the exceptional Domaine du Montcel site to create an upscale hotel and seminar facility in this inspiring haven of greenery. The Management of this resort-hotel-conference center has been entrusted to the American hotel group WYNDHAM (4th largest hotel operator worldwide) under its DOLCE brand.<\/p><p>This complex operation involved a combination of major renovation work on the Ch\u00e2teau, Chalet and village sections - in order to recapture the Oberkampf-Mallet spirit of the early 19th century - and new construction on a magnificent, particularly extensive 'listed' site. In fact, the estate still contains some very interesting pieces of architecture, such as the Chalet in the style of a Second Empire bourgeois residence.<\/p><p>The project philosophy respects the landscape composition conceived by architect Thomas Blaikie. There's only one way to achieve this: to go back to the sources, archives, and documents of the period that are still available. Among the most valuable sources are King Louis XVI's hunting maps, which extend as far as Jouy-en-Josas.<\/p><p>So, the project to redevelop the site as an accommodation, seminar, and fitness center makes sense, as the Domaine immediately evokes a sense of calm and rest for visitors - making it a perfect place to concentrate and learn.<br \/>It's not usually the case that guests use hotel outdoor spaces. At the Dolce by Wyndham Versailles, everything is done to ensure that future guests can enjoy the Domaine du Montcel's outdoor spaces: the idea is to recreate and redesign the old paths through the park and woods to host magnificent receptions.<\/p>\t\t\t\t\t\t\t\t<\/div>\n\t\t\t\t<\/div>\n\t\t\t\t\t<\/div>\n\t\t<\/div>\n\t\t\t\t<div class=\"elementor-column elementor-col-33 elementor-inner-column elementor-element elementor-element-9eb2d32\" data-id=\"9eb2d32\" data-element_type=\"column\" data-e-type=\"column\">\n\t\t\t<div class=\"elementor-widget-wrap\">\n\t\t\t\t\t\t\t<\/div>\n\t\t<\/div>\n\t\t\t\t\t<\/div>\n\t\t<\/section>\n\t\t\t\t\t<\/div>\n\t\t<\/div>\n\t\t\t\t\t<\/div>\n\t\t<\/section>\n\t\t\t\t\t<\/div>\n\t\t<\/div>\n\t\t\t\t\t<\/div>\n\t\t<\/section>\n\t\t<div class=\"elementor-element elementor-element-14fe5de elementor-hidden-tablet elementor-hidden-mobile e-flex e-con-boxed e-con e-parent\" data-id=\"14fe5de\" data-element_type=\"container\" data-e-type=\"container\" data-settings=\"{&quot;background_background&quot;:&quot;classic&quot;}\">\n\t\t\t\t\t<div class=\"e-con-inner\">\n\t\t<div class=\"elementor-element elementor-element-3b41d3f e-con-full e-flex e-con e-child\" data-id=\"3b41d3f\" data-element_type=\"container\" data-e-type=\"container\">\n\t\t\t\t<div class=\"elementor-element elementor-element-1924ca6 elementor-align-center elementor-widget elementor-widget-button\" data-id=\"1924ca6\" data-element_type=\"widget\" data-e-type=\"widget\" data-widget_type=\"button.default\">\n\t\t\t\t<div class=\"elementor-widget-container\">\n\t\t\t\t\t\t\t\t\t<div class=\"elementor-button-wrapper\">\n\t\t\t\t\t<a class=\"elementor-button elementor-button-link elementor-size-sm\" href=\"https:\/\/www.dolcehotelversailles.com\/en\/accommodation-4-star-hotel-versailles\/\">\n\t\t\t\t\t\t<span class=\"elementor-button-content-wrapper\">\n\t\t\t\t\t\t\t\t\t<span class=\"elementor-button-text\">ACCOMMODATION<\/span>\n\t\t\t\t\t<\/span>\n\t\t\t\t\t<\/a>\n\t\t\t\t<\/div>\n\t\t\t\t\t\t\t\t<\/div>\n\t\t\t\t<\/div>\n\t\t\t\t<\/div>\n\t\t<div class=\"elementor-element elementor-element-6791328 e-con-full e-flex e-con e-child\" data-id=\"6791328\" data-element_type=\"container\" data-e-type=\"container\">\n\t\t\t\t<div class=\"elementor-element elementor-element-fb6f610 elementor-align-center elementor-widget elementor-widget-button\" data-id=\"fb6f610\" data-element_type=\"widget\" data-e-type=\"widget\" data-widget_type=\"button.default\">\n\t\t\t\t<div class=\"elementor-widget-container\">\n\t\t\t\t\t\t\t\t\t<div class=\"elementor-button-wrapper\">\n\t\t\t\t\t<a class=\"elementor-button elementor-button-link elementor-size-sm\" href=\"https:\/\/www.dolcehotelversailles.com\/en\/restaurants-bar-hotel-restaurant-versailles\/\">\n\t\t\t\t\t\t<span class=\"elementor-button-content-wrapper\">\n\t\t\t\t\t\t\t\t\t<span class=\"elementor-button-text\">RESTAURANT &amp; BAR<\/span>\n\t\t\t\t\t<\/span>\n\t\t\t\t\t<\/a>\n\t\t\t\t<\/div>\n\t\t\t\t\t\t\t\t<\/div>\n\t\t\t\t<\/div>\n\t\t\t\t<\/div>\n\t\t<div class=\"elementor-element elementor-element-1e90dd0 e-con-full e-flex e-con e-child\" data-id=\"1e90dd0\" data-element_type=\"container\" data-e-type=\"container\">\n\t\t\t\t<div class=\"elementor-element elementor-element-9ecb0ef elementor-align-center elementor-widget elementor-widget-button\" data-id=\"9ecb0ef\" data-element_type=\"widget\" data-e-type=\"widget\" data-widget_type=\"button.default\">\n\t\t\t\t<div class=\"elementor-widget-container\">\n\t\t\t\t\t\t\t\t\t<div class=\"elementor-button-wrapper\">\n\t\t\t\t\t<a class=\"elementor-button elementor-button-link elementor-size-sm\" href=\"https:\/\/www.dolcehotelversailles.com\/en\/wellness-hotel-spa-versailles\/\">\n\t\t\t\t\t\t<span class=\"elementor-button-content-wrapper\">\n\t\t\t\t\t\t\t\t\t<span class=\"elementor-button-text\">WELLNESS<\/span>\n\t\t\t\t\t<\/span>\n\t\t\t\t\t<\/a>\n\t\t\t\t<\/div>\n\t\t\t\t\t\t\t\t<\/div>\n\t\t\t\t<\/div>\n\t\t\t\t<\/div>\n\t\t<div class=\"elementor-element elementor-element-e8b68cd e-con-full e-flex e-con e-child\" data-id=\"e8b68cd\" data-element_type=\"container\" data-e-type=\"container\">\n\t\t\t\t<div class=\"elementor-element elementor-element-d6bb7f4 elementor-align-center elementor-widget elementor-widget-button\" data-id=\"d6bb7f4\" data-element_type=\"widget\" data-e-type=\"widget\" data-widget_type=\"button.default\">\n\t\t\t\t<div class=\"elementor-widget-container\">\n\t\t\t\t\t\t\t\t\t<div class=\"elementor-button-wrapper\">\n\t\t\t\t\t<a class=\"elementor-button elementor-button-link elementor-size-sm\" href=\"https:\/\/www.dolcehotelversailles.com\/en\/special-offers-dolceversailles\/\">\n\t\t\t\t\t\t<span class=\"elementor-button-content-wrapper\">\n\t\t\t\t\t\t\t\t\t<span class=\"elementor-button-text\">shop &amp; offers<\/span>\n\t\t\t\t\t<\/span>\n\t\t\t\t\t<\/a>\n\t\t\t\t<\/div>\n\t\t\t\t\t\t\t\t<\/div>\n\t\t\t\t<\/div>\n\t\t\t\t<\/div>\n\t\t\t\t\t<\/div>\n\t\t\t\t<\/div>\n\t\t\t\t<section class=\"elementor-section elementor-top-section elementor-element elementor-element-2e3827d elementor-hidden-desktop elementor-hidden-laptop elementor-section-boxed elementor-section-height-default elementor-section-height-default\" data-id=\"2e3827d\" data-element_type=\"section\" data-e-type=\"section\" data-settings=\"{&quot;background_background&quot;:&quot;classic&quot;}\">\n\t\t\t\t\t\t<div class=\"elementor-container elementor-column-gap-no\">\n\t\t\t\t\t<div class=\"elementor-column elementor-col-50 elementor-top-column elementor-element elementor-element-22031ce\" data-id=\"22031ce\" data-element_type=\"column\" data-e-type=\"column\">\n\t\t\t<div class=\"elementor-widget-wrap elementor-element-populated\">\n\t\t\t\t\t\t<div class=\"elementor-element elementor-element-e21b11d elementor-widget elementor-widget-image\" data-id=\"e21b11d\" data-element_type=\"widget\" data-e-type=\"widget\" data-widget_type=\"image.default\">\n\t\t\t\t<div class=\"elementor-widget-container\">\n\t\t\t\t\t\t\t\t\t\t\t\t<figure class=\"wp-caption\">\n\t\t\t\t\t\t\t\t\t\t\t<a href=\"https:\/\/www.dolcehotelversailles.com\/en\/accommodation-4-star-hotel-versailles\/\">\n\t\t\t\t\t\t\t<img loading=\"lazy\" decoding=\"async\" width=\"800\" height=\"266\" src=\"https:\/\/www.dolcehotelversailles.com\/wp-content\/uploads\/2025\/10\/9.svg\" class=\"attachment-large size-large wp-image-11938\" alt=\"\" title=\"\">\t\t\t\t\t\t\t\t<\/a>\n\t\t\t\t\t\t\t\t\t\t\t<figcaption class=\"widget-image-caption wp-caption-text\"><\/figcaption>\n\t\t\t\t\t\t\t\t\t\t<\/figure>\n\t\t\t\t\t\t\t\t\t<\/div>\n\t\t\t\t<\/div>\n\t\t\t\t\t<\/div>\n\t\t<\/div>\n\t\t\t\t<div class=\"elementor-column elementor-col-50 elementor-top-column elementor-element elementor-element-354f33e\" data-id=\"354f33e\" data-element_type=\"column\" data-e-type=\"column\">\n\t\t\t<div class=\"elementor-widget-wrap elementor-element-populated\">\n\t\t\t\t\t\t<div class=\"elementor-element elementor-element-1a5bf99 elementor-widget elementor-widget-image\" data-id=\"1a5bf99\" data-element_type=\"widget\" data-e-type=\"widget\" data-widget_type=\"image.default\">\n\t\t\t\t<div class=\"elementor-widget-container\">\n\t\t\t\t\t\t\t\t\t\t\t\t<figure class=\"wp-caption\">\n\t\t\t\t\t\t\t\t\t\t\t<a href=\"https:\/\/www.dolcehotelversailles.com\/en\/restaurants-bar-hotel-restaurant-versailles\/\">\n\t\t\t\t\t\t\t<img loading=\"lazy\" decoding=\"async\" width=\"800\" height=\"266\" src=\"https:\/\/www.dolcehotelversailles.com\/wp-content\/uploads\/2025\/10\/8.svg\" class=\"attachment-large size-large wp-image-11937\" alt=\"\" title=\"\">\t\t\t\t\t\t\t\t<\/a>\n\t\t\t\t\t\t\t\t\t\t\t<figcaption class=\"widget-image-caption wp-caption-text\"><\/figcaption>\n\t\t\t\t\t\t\t\t\t\t<\/figure>\n\t\t\t\t\t\t\t\t\t<\/div>\n\t\t\t\t<\/div>\n\t\t\t\t\t<\/div>\n\t\t<\/div>\n\t\t\t\t\t<\/div>\n\t\t<\/section>\n\t\t\t\t<section class=\"elementor-section elementor-top-section elementor-element elementor-element-d678b6f elementor-hidden-desktop elementor-hidden-laptop elementor-section-boxed elementor-section-height-default elementor-section-height-default\" data-id=\"d678b6f\" data-element_type=\"section\" data-e-type=\"section\" data-settings=\"{&quot;background_background&quot;:&quot;classic&quot;}\">\n\t\t\t\t\t\t<div class=\"elementor-container elementor-column-gap-no\">\n\t\t\t\t\t<div class=\"elementor-column elementor-col-50 elementor-top-column elementor-element elementor-element-14988ce\" data-id=\"14988ce\" data-element_type=\"column\" data-e-type=\"column\">\n\t\t\t<div class=\"elementor-widget-wrap elementor-element-populated\">\n\t\t\t\t\t\t<div class=\"elementor-element elementor-element-126243a elementor-widget elementor-widget-image\" data-id=\"126243a\" data-element_type=\"widget\" data-e-type=\"widget\" data-widget_type=\"image.default\">\n\t\t\t\t<div class=\"elementor-widget-container\">\n\t\t\t\t\t\t\t\t\t\t\t\t\t\t\t\t<a href=\"https:\/\/www.dolcehotelversailles.com\/en\/wellness-hotel-spa-versailles\/\">\n\t\t\t\t\t\t\t<img loading=\"lazy\" decoding=\"async\" width=\"800\" height=\"266\" src=\"https:\/\/www.dolcehotelversailles.com\/wp-content\/uploads\/2025\/10\/6.svg\" class=\"attachment-large size-large wp-image-11936\" alt=\"\" title=\"\">\t\t\t\t\t\t\t\t<\/a>\n\t\t\t\t\t\t\t\t\t\t\t\t\t\t\t<\/div>\n\t\t\t\t<\/div>\n\t\t\t\t\t<\/div>\n\t\t<\/div>\n\t\t\t\t<div class=\"elementor-column elementor-col-50 elementor-top-column elementor-element elementor-element-f4df29e\" data-id=\"f4df29e\" data-element_type=\"column\" data-e-type=\"column\">\n\t\t\t<div class=\"elementor-widget-wrap elementor-element-populated\">\n\t\t\t\t\t\t<div class=\"elementor-element elementor-element-bdafc8b elementor-widget elementor-widget-image\" data-id=\"bdafc8b\" data-element_type=\"widget\" data-e-type=\"widget\" data-widget_type=\"image.default\">\n\t\t\t\t<div class=\"elementor-widget-container\">\n\t\t\t\t\t\t\t\t\t\t\t\t\t\t\t\t<a href=\"https:\/\/www.dolcehotelversailles.com\/en\/special-offers-dolceversailles\/\">\n\t\t\t\t\t\t\t<img loading=\"lazy\" decoding=\"async\" width=\"800\" height=\"266\" src=\"https:\/\/www.dolcehotelversailles.com\/wp-content\/uploads\/2025\/10\/Bannieres-NL.svg\" class=\"attachment-large size-large wp-image-11932\" alt=\"\" title=\"\">\t\t\t\t\t\t\t\t<\/a>\n\t\t\t\t\t\t\t\t\t\t\t\t\t\t\t<\/div>\n\t\t\t\t<\/div>\n\t\t\t\t\t<\/div>\n\t\t<\/div>\n\t\t\t\t\t<\/div>\n\t\t<\/section>\n\t\t\t\t<\/div>","protected":false},"excerpt":{"rendered":"<p>D\u00e9couvrir UN LIEU CHARG\u00c9 D&rsquo;HISTOIRE Avant de devenir le l&rsquo;h\u00f4tel qu\u2019il est aujourd\u2019hui, le Domaine du Montcel et ses 14 hectares de parc arbor\u00e9 ont travers\u00e9 les si\u00e8cles. R\u00e9sidence priv\u00e9e, coll\u00e8ge, \u00e9tat-major de l\u2019arm\u00e9e de l\u2019air allemande, puis haut lieu de l\u2019art contemporain : le domaine a connu de nombreuses vies et transformations. Aujourd\u2019hui, le [&hellip;]<\/p>\n","protected":false},"author":5,"featured_media":0,"parent":113,"menu_order":0,"comment_status":"closed","ping_status":"closed","template":"","meta":{"inline_featured_image":false,"footnotes":""},"class_list":["post-126","page","type-page","status-publish","hentry"],"_links":{"self":[{"href":"https:\/\/www.dolcehotelversailles.com\/en\/wp-json\/wp\/v2\/pages\/126","targetHints":{"allow":["GET"]}}],"collection":[{"href":"https:\/\/www.dolcehotelversailles.com\/en\/wp-json\/wp\/v2\/pages"}],"about":[{"href":"https:\/\/www.dolcehotelversailles.com\/en\/wp-json\/wp\/v2\/types\/page"}],"author":[{"embeddable":true,"href":"https:\/\/www.dolcehotelversailles.com\/en\/wp-json\/wp\/v2\/users\/5"}],"replies":[{"embeddable":true,"href":"https:\/\/www.dolcehotelversailles.com\/en\/wp-json\/wp\/v2\/comments?post=126"}],"version-history":[{"count":184,"href":"https:\/\/www.dolcehotelversailles.com\/en\/wp-json\/wp\/v2\/pages\/126\/revisions"}],"predecessor-version":[{"id":13651,"href":"https:\/\/www.dolcehotelversailles.com\/en\/wp-json\/wp\/v2\/pages\/126\/revisions\/13651"}],"up":[{"embeddable":true,"href":"https:\/\/www.dolcehotelversailles.com\/en\/wp-json\/wp\/v2\/pages\/113"}],"wp:attachment":[{"href":"https:\/\/www.dolcehotelversailles.com\/en\/wp-json\/wp\/v2\/media?parent=126"}],"curies":[{"name":"wp","href":"https:\/\/api.w.org\/{rel}","templated":true}]}}